{"id":18659,"date":"2021-01-19T19:28:22","date_gmt":"2021-01-19T19:28:22","guid":{"rendered":"https:\/\/velvet-space.com\/events-veranstaltungsort-muenchen\/"},"modified":"2024-09-02T14:32:00","modified_gmt":"2024-09-02T14:32:00","slug":"events-veranstaltungsort-muenchen","status":"publish","type":"page","link":"https:\/\/velvet-space.com\/de\/events-veranstaltungsort-muenchen\/","title":{"rendered":"VERANSTALTUNGSORT M\u00dcNCHEN"},"content":{"rendered":"<p>[vc_row css_animation=&#8220;&#8220; row_type=&#8220;row&#8220; use_row_as_full_screen_section=&#8220;no&#8220; type=&#8220;full_width&#8220; angled_section=&#8220;no&#8220; text_align=&#8220;left&#8220; background_image_as_pattern=&#8220;without_pattern&#8220; css=&#8220;.vc_custom_1569334127073{background-image: url(https:\/\/velvet-space.com\/wp-content\/uploads\/2019\/09\/velvet_space_opening_fot2675.jpg?id=17669) !important;background-position: center !important;background-repeat: no-repeat !important;background-size: cover !important;}&#8220; z_index=&#8220;&#8220;][vc_column css=&#8220;.vc_custom_1618854138343{margin-top: 0px !important;margin-right: 0px !important;margin-bottom: 0px !important;margin-left: 0px !important;}&#8220; offset=&#8220;vc_hidden-xs&#8220;][vc_empty_space height=&#8220;350px&#8220;][vc_custom_heading text=&#8220;#thevelvetwayofevents&#8220; font_container=&#8220;tag:p|font_size:35|text_align:center|color:%23fff8f0&#8243; use_theme_fonts=&#8220;yes&#8220; css_animation=&#8220;fadeInUp&#8220;][vc_empty_space height=&#8220;350px&#8220;][\/vc_column][\/vc_row][vc_row css_animation=&#8220;&#8220; row_type=&#8220;row&#8220; use_row_as_full_screen_section=&#8220;no&#8220; type=&#8220;full_width&#8220; angled_section=&#8220;no&#8220; text_align=&#8220;left&#8220; background_image_as_pattern=&#8220;without_pattern&#8220;][vc_column css=&#8220;.vc_custom_1618854143691{background-color: #3d3b42 !important;}&#8220; offset=&#8220;vc_hidden-xs&#8220;][vc_empty_space height=&#8220;20px&#8220;][\/vc_column][\/vc_row][vc_row css_animation=&#8220;&#8220; row_type=&#8220;row&#8220; use_row_as_full_screen_section=&#8220;no&#8220; type=&#8220;full_width&#8220; angled_section=&#8220;no&#8220; text_align=&#8220;left&#8220; background_image_as_pattern=&#8220;without_pattern&#8220; z_index=&#8220;&#8220;][vc_column css=&#8220;.vc_custom_1618854153882{border-top-width: 1px !important;padding-top: 50px !important;background-color: #6e9077 !important;border-top-color: #c4a747 !important;border-top-style: solid !important;border-radius: 1px !important;}&#8220; offset=&#8220;vc_hidden-xs&#8220;][vc_text_separator title=&#8220;VERANSTALTUNGSORT M\u00dcNCHEN&#8220; css_animation=&#8220;fadeInDown&#8220; border=&#8220;no&#8220;][vc_empty_space height=&#8220;40px&#8220;][vc_column_text css=&#8220;.vc_custom_1592938826295{margin-right: 5% !important;margin-left: 5% !important;}&#8220;]<\/p>\n<p class=\"p1\" style=\"text-align: center; color: white;\"><strong style=\"color: #c4a747;\"><br \/>\nvelvet space<\/strong>, unsere zentral gelegenen R\u00e4umlichkeiten bieten 80m\u00b2 und Platz f\u00fcr bis zu 60 Personen. Der velvet space zeichnet sich f\u00fcr sein industriell schickes Design aus und begr\u00fc\u00dft dich und deine G\u00e4ste in einer pers\u00f6nlichen Atmosph\u00e4re.<br \/>\nOb du einen Veranstaltungsort in M\u00fcnchen f\u00fcr ein Teammeeting ben\u00f6tigst, einen Ort f\u00fcr ein Workshop am Abend oder einen Raum f\u00fcr ein Afterwork-Networking-Event suchst &#8211; unsere R\u00e4umlichkeiten passen sich an deine Bed\u00fcrfnisse an und wir sind offen f\u00fcr Sonderw\u00fcnsche.<\/p>\n<p>[\/vc_column_text][vc_empty_space height=&#8220;20px&#8220;][vc_row_inner row_type=&#8220;row&#8220; type=&#8220;grid&#8220; text_align=&#8220;center&#8220; css_animation=&#8220;&#8220;][vc_column_inner width=&#8220;1\/5&#8243;][\/vc_column_inner][vc_column_inner width=&#8220;1\/5&#8243;][\/vc_column_inner][vc_column_inner width=&#8220;1\/5&#8243;]<a  itemprop=\"url\" href=\"https:\/\/velvet-space.com\/event-munich\/\" target=\"_blank\"  class=\"qbutton  center default\" style=\"border-radius: 1px;-moz-border-radius: 1px;-webkit-border-radius: 1px; \">ANFRAGEN<\/a>[\/vc_column_inner][vc_column_inner width=&#8220;1\/5&#8243;][\/vc_column_inner][vc_column_inner width=&#8220;1\/5&#8243;][\/vc_column_inner][\/vc_row_inner][vc_empty_space height=&#8220;20px&#8220;][vc_column_text css=&#8220;.vc_custom_1578584109940{margin-right: 5% !important;margin-left: 5% !important;}&#8220;]<\/p>\n<p class=\"p1\" style=\"text-align: center; color: white;\">M\u00f6chtest du wissen welche Veranstaltungen demn\u00e4chst im velvet space stattfinden? Besuche unsere <a style=\"color: #c4a747;\" href=\"https:\/\/www.facebook.com\/pg\/velvetspacecoworking\/events\/\">Facebook Event \u00dcbersicht<\/a>.<\/p>\n<p>[\/vc_column_text][vc_empty_space][\/vc_column][\/vc_row][vc_row css_animation=&#8220;&#8220; row_type=&#8220;row&#8220; use_row_as_full_screen_section=&#8220;no&#8220; type=&#8220;full_width&#8220; angled_section=&#8220;no&#8220; text_align=&#8220;left&#8220; background_image_as_pattern=&#8220;without_pattern&#8220; z_index=&#8220;&#8220; css=&#8220;.vc_custom_1617018923148{padding-right: 3% !important;}&#8220;][vc_column width=&#8220;1\/2&#8243; css=&#8220;.vc_custom_1618854168896{background-image: url(https:\/\/velvet-space.com\/wp-content\/uploads\/2019\/09\/1_2667\u200a\u00d7\u200a4000-soll-es-sein2.jpg?id=17709) !important;background-position: center !important;background-repeat: no-repeat !important;background-size: cover !important;}&#8220; offset=&#8220;vc_hidden-xs&#8220;][vc_empty_space height=&#8220;500px&#8220;][\/vc_column][vc_column width=&#8220;1\/2&#8243; css=&#8220;.vc_custom_1618854173405{margin-right: 50px !important;margin-left: 60px !important;padding-right: 30% !important;background-color: #fff8f0 !important;}&#8220; offset=&#8220;vc_hidden-xs&#8220;][vc_empty_space height=&#8220;50px&#8220;][vc_column_text]<\/p>\n<p style=\"text-align: center; color: #c4a747; font-size: 17px; font-weight: 400;\">&#8222;TRANSPARENZ&#8220;<\/p>\n<p>[\/vc_column_text][vc_empty_space height=&#8220;10px&#8220;][vc_column_text]<\/p>\n<h1 style=\"text-align: center;\">PREISE<\/h1>\n<p>[\/vc_column_text][vc_empty_space height=&#8220;26px&#8220;][vc_column_text css=&#8220;.vc_custom_1569337109834{margin-right: 10px !important;}&#8220;]Unsere Preise werden individuell berechnet, so dass du nur f\u00fcr die Leistungen bezahlst, die du auch tats\u00e4chlich in Anspruch nimmst.[\/vc_column_text][vc_column_text]Die Preise f\u00fcr unsere R\u00e4umlichkeiten sind abh\u00e4ngig von:[\/vc_column_text][vc_empty_space height=&#8220;10px&#8220;][vc_column_text]<\/p>\n<ul style=\"font-family: Capita-RegularItalic; color: #6e9077;\">\n<li>dem Umfang der Veranstaltung<\/li>\n<li><span class=\"s1\">der Teilnehmerzahl<\/span><\/li>\n<li>dem Zeitraum<\/li>\n<\/ul>\n<p>[\/vc_column_text][vc_empty_space height=&#8220;10px&#8220;][vc_column_text]Lass uns gerne die Details zu deiner geplanten Veranstaltung zukommen und wir melden uns so bald wie m\u00f6glich mit einem individuellem Angebot.[\/vc_column_text][vc_empty_space height=&#8220;40px&#8220;][\/vc_column][\/vc_row][vc_row css_animation=&#8220;&#8220; row_type=&#8220;row&#8220; use_row_as_full_screen_section=&#8220;no&#8220; type=&#8220;full_width&#8220; angled_section=&#8220;no&#8220; text_align=&#8220;left&#8220; background_image_as_pattern=&#8220;without_pattern&#8220; z_index=&#8220;&#8220;][vc_column offset=&#8220;vc_hidden-xs&#8220;][vc_empty_space height=&#8220;50px&#8220; css=&#8220;.vc_custom_1617018476903{background-color: #c4a747 !important;}&#8220;][\/vc_column][\/vc_row][vc_row css_animation=&#8220;&#8220; row_type=&#8220;row&#8220; use_row_as_full_screen_section=&#8220;no&#8220; type=&#8220;full_width&#8220; angled_section=&#8220;no&#8220; text_align=&#8220;left&#8220; background_image_as_pattern=&#8220;without_pattern&#8220; z_index=&#8220;&#8220; css=&#8220;.vc_custom_1617018935866{padding-left: 3% !important;}&#8220;][vc_column width=&#8220;1\/2&#8243; css=&#8220;.vc_custom_1618854184845{margin-right: 60px !important;margin-left: 60px !important;padding-right: 30% !important;background-color: #fff8f0 !important;}&#8220; offset=&#8220;vc_hidden-xs&#8220;][vc_empty_space height=&#8220;50px&#8220;][vc_column_text]<\/p>\n<p style=\"text-align: center; color: #c4a747; font-size: 17px; font-weight: 400;\">&#8222;FLEXIBILIT\u00c4T&#8220;<\/p>\n<p>[\/vc_column_text][vc_empty_space height=&#8220;10px&#8220;][vc_column_text]<\/p>\n<h1 style=\"text-align: center;\">F&amp;B<\/h1>\n<p>[\/vc_column_text][vc_empty_space height=&#8220;26px&#8220;][vc_column_text css=&#8220;.vc_custom_1569400976540{margin-right: 15px !important;}&#8220;]Auf Wunsch organisieren wir eine Auswahl an Speisen und Getr\u00e4nke f\u00fcr deine Veranstaltung.[\/vc_column_text][vc_column_text css=&#8220;.vc_custom_1569400988027{margin-right: 15px !important;}&#8220;]W\u00e4hle aus unseren hauseigenen Catering-Pakete aus:[\/vc_column_text][vc_empty_space height=&#8220;20px&#8220;][vc_column_text css=&#8220;.vc_custom_1569401303641{margin-right: 15px !important;}&#8220;]<\/p>\n<ul style=\"font-family: Capita-RegularItalic; color: #6e9077;\">\n<li>\u201cHave a break, have a snack\u201d (inkl. Snacks wie Brezeln, Croissants, Obst, Geb\u00e4ck, etc.)<\/li>\n<li><span class=\"s1\">\u201cNever lunch alone\u201d (inkl. Sandwiches, Wraps, Fingerfood, etc.)<\/span><\/li>\n<\/ul>\n<p>[\/vc_column_text][vc_empty_space height=&#8220;20px&#8220;][vc_column_text css=&#8220;.vc_custom_1569401315280{margin-right: 15px !important;}&#8220;]Gerne kannst du auch die BYO-Option ausw\u00e4hlen und dein eigenes Catering organisieren. In diesem Fall w\u00fcrden wir nur eine geringe Reinigungsgeb\u00fchr berechnen.[\/vc_column_text][vc_empty_space height=&#8220;40px&#8220;][\/vc_column][vc_column width=&#8220;1\/2&#8243; css=&#8220;.vc_custom_1618854189491{background-image: url(https:\/\/velvet-space.com\/wp-content\/uploads\/2019\/09\/velvet_space_opening_fot2252.jpg?id=17668) !important;background-position: center !important;background-repeat: no-repeat !important;background-size: cover !important;}&#8220; offset=&#8220;vc_hidden-xs&#8220;][vc_empty_space height=&#8220;500px&#8220;][\/vc_column][\/vc_row][vc_row css_animation=&#8220;&#8220; row_type=&#8220;row&#8220; use_row_as_full_screen_section=&#8220;no&#8220; type=&#8220;full_width&#8220; angled_section=&#8220;no&#8220; text_align=&#8220;left&#8220; background_image_as_pattern=&#8220;without_pattern&#8220;][vc_column offset=&#8220;vc_hidden-xs&#8220;][vc_empty_space height=&#8220;50px&#8220; css=&#8220;.vc_custom_1617018493869{background-color: #c4a747 !important;}&#8220;][\/vc_column][\/vc_row][vc_row css_animation=&#8220;&#8220; row_type=&#8220;row&#8220; use_row_as_full_screen_section=&#8220;no&#8220; type=&#8220;full_width&#8220; angled_section=&#8220;no&#8220; text_align=&#8220;left&#8220; background_image_as_pattern=&#8220;without_pattern&#8220; z_index=&#8220;&#8220; css=&#8220;.vc_custom_1569571969856{padding-right: 3% !important;}&#8220;][vc_column width=&#8220;1\/2&#8243; css=&#8220;.vc_custom_1618854202632{background-image: url(https:\/\/velvet-space.com\/wp-content\/uploads\/2019\/09\/Bild-Webseite1A.jpg?id=17708) !important;background-position: center !important;background-repeat: no-repeat !important;background-size: cover !important;}&#8220; offset=&#8220;vc_hidden-xs&#8220;][vc_empty_space height=&#8220;500px&#8220;][\/vc_column][vc_column width=&#8220;1\/2&#8243; css=&#8220;.vc_custom_1618854213366{margin-right: 50px !important;margin-left: 60px !important;padding-right: 30% !important;background-color: #fff8f0 !important;}&#8220; offset=&#8220;vc_hidden-xs&#8220;][vc_empty_space height=&#8220;50px&#8220;][vc_column_text]<\/p>\n<p style=\"text-align: center; color: #c4a747; font-size: 17px; font-weight: 400;\">&#8222;KUNDENORIENTIERUNG&#8220;<\/p>\n<p>[\/vc_column_text][vc_empty_space height=&#8220;10px&#8220;][vc_column_text]<\/p>\n<h1 style=\"text-align: center;\">EQUIPMENT \/ AUSSTATTUNG<\/h1>\n<p>[\/vc_column_text][vc_empty_space height=&#8220;20px&#8220;][vc_column_text]Hier findest du eine \u00dcbersicht unserer Ausstattung:[\/vc_column_text][vc_empty_space height=&#8220;10px&#8220;][vc_column_text]<\/p>\n<ul style=\"font-family: Capita-RegularItalic; color: #6e9077;\">\n<li>Flipchart \/ Whiteboard<\/li>\n<li><span class=\"s1\">50-Zoll Bildschirm mit HDMI Anschluss<\/span><\/li>\n<li>Ausfahrbare Leinwand und Beamer<\/li>\n<li>Konferenzspinne<\/li>\n<li>Verschiedene Sitzm\u00f6glichkeiten (Theater, U-Form, Kreis, etc.)<\/li>\n<li>Espressomaschine in Barista-Qualit\u00e4t<\/li>\n<\/ul>\n<p>[\/vc_column_text][vc_empty_space height=&#8220;10px&#8220;][vc_column_text]Wir versuchen immer flexibel auf alle Bed\u00fcrfnisse zu reagieren. Gib uns also gerne Bescheid falls du zus\u00e4tzliche Anregungen oder W\u00fcnsche hast. Wir werden unser Bestes geben, um deine Anfrage umzusetzen.[\/vc_column_text][vc_empty_space height=&#8220;40px&#8220;][\/vc_column][\/vc_row][vc_row css_animation=&#8220;&#8220; row_type=&#8220;row&#8220; use_row_as_full_screen_section=&#8220;no&#8220; type=&#8220;full_width&#8220; angled_section=&#8220;no&#8220; text_align=&#8220;left&#8220; background_image_as_pattern=&#8220;without_pattern&#8220;][vc_column offset=&#8220;vc_hidden-xs&#8220;][vc_empty_space height=&#8220;50px&#8220; css=&#8220;.vc_custom_1617018536789{background-color: #c4a747 !important;}&#8220;][\/vc_column][\/vc_row][vc_row css_animation=&#8220;&#8220; row_type=&#8220;row&#8220; use_row_as_full_screen_section=&#8220;no&#8220; type=&#8220;full_width&#8220; angled_section=&#8220;no&#8220; text_align=&#8220;left&#8220; background_image_as_pattern=&#8220;without_pattern&#8220; z_index=&#8220;&#8220;][vc_column css=&#8220;.vc_custom_1618854225120{border-top-width: 1px !important;padding-top: 50px !important;background-color: #6e9077 !important;border-top-color: #c4a747 !important;border-top-style: solid !important;border-radius: 1px !important;}&#8220; offset=&#8220;vc_hidden-xs&#8220;][vc_text_separator title=&#8220;WER &amp; WIE&#8220; css_animation=&#8220;fadeInDown&#8220; border=&#8220;no&#8220;][vc_empty_space height=&#8220;40px&#8220;][vc_column_text css=&#8220;.vc_custom_1569327308189{margin-right: 5% !important;margin-left: 5% !important;}&#8220;]<\/p>\n<p>[\/vc_column_text][vc_empty_space height=&#8220;15px&#8220;][vc_column_text css=&#8220;.vc_custom_1592939004427{margin-right: 5% !important;margin-left: 5% !important;}&#8220;]<\/p>\n<p class=\"p1\" style=\"text-align: center; color: white;\">Um unsere R\u00e4umlichkeiten f\u00fcr eine Veranstaltung anzumieten ist es nicht notwendig Mitglied bei velvet space zu sein.<br \/>\nF\u00fclle einfach unser Anfrageformular aus um mit uns in Kontakt zu treten und wir werden eine ma\u00dfgeschneiderte L\u00f6sung f\u00fcr dich und deine Veranstaltung finden.<br \/>\nBitte nur anfragen wenn es sich um eine Businessveranstaltung handelt. Es d\u00fcrfen bei uns keine Geburtstage oder andere Partys gefeiert werden.<\/p>\n<p>[\/vc_column_text][vc_empty_space height=&#8220;15px&#8220;][vc_row_inner row_type=&#8220;row&#8220; type=&#8220;grid&#8220; text_align=&#8220;center&#8220; css_animation=&#8220;&#8220;][vc_column_inner width=&#8220;1\/5&#8243;][\/vc_column_inner][vc_column_inner width=&#8220;1\/5&#8243;][\/vc_column_inner][vc_column_inner width=&#8220;1\/5&#8243; offset=&#8220;vc_hidden-xs&#8220;]<a  itemprop=\"url\" href=\"https:\/\/velvet-space.com\/event-munich\/\" target=\"_blank\"  class=\"qbutton  center default\" style=\"border-radius: 1px;-moz-border-radius: 1px;-webkit-border-radius: 1px; \">ANFRAGEN<\/a>[\/vc_column_inner][vc_column_inner width=&#8220;1\/5&#8243;][\/vc_column_inner][vc_column_inner width=&#8220;1\/5&#8243;][\/vc_column_inner][\/vc_row_inner][vc_empty_space height=&#8220;15px&#8220;][vc_column_text css=&#8220;.vc_custom_1585836350651{margin-right: 5% !important;margin-left: 5% !important;}&#8220;]<\/p>\n<p class=\"p1\" style=\"text-align: center; color: white;\">In der Zwischenzeit kannst du dir gerne auf unserer <a style=\"color: #c4a747;\" href=\"https:\/\/www.facebook.com\/pg\/velvetspacecoworking\/events\/\">Facebook-Seite<\/a> eine \u00dcbersicht der kommenden Veranstaltungen verschaffen..<\/p>\n<p>[\/vc_column_text][vc_empty_space][\/vc_column][\/vc_row][vc_row css_animation=&#8220;&#8220; row_type=&#8220;row&#8220; use_row_as_full_screen_section=&#8220;no&#8220; type=&#8220;full_width&#8220; angled_section=&#8220;no&#8220; text_align=&#8220;left&#8220; background_image_as_pattern=&#8220;without_pattern&#8220; css=&#8220;.vc_custom_1569334127073{background-image: url(https:\/\/velvet-space.com\/wp-content\/uploads\/2019\/09\/velvet_space_opening_fot2675.jpg?id=17669) !important;background-position: center !important;background-repeat: no-repeat !important;background-size: cover !important;}&#8220; z_index=&#8220;&#8220;][vc_column css=&#8220;.vc_custom_1618854614361{margin-top: 0px !important;margin-right: 0px !important;margin-bottom: 0px !important;margin-left: 0px !important;padding-right: 10% !important;padding-left: 10% !important;}&#8220; offset=&#8220;vc_hidden-lg vc_hidden-md vc_hidden-sm&#8220;][vc_empty_space height=&#8220;350px&#8220;][vc_custom_heading text=&#8220;#thevelvetwayofevents&#8220; font_container=&#8220;tag:p|font_size:35|text_align:center|color:%23fff8f0&#8243; use_theme_fonts=&#8220;yes&#8220; css_animation=&#8220;fadeInUp&#8220;][vc_empty_space height=&#8220;350px&#8220;][\/vc_column][\/vc_row][vc_row css_animation=&#8220;&#8220; row_type=&#8220;row&#8220; use_row_as_full_screen_section=&#8220;no&#8220; type=&#8220;full_width&#8220; angled_section=&#8220;no&#8220; text_align=&#8220;left&#8220; background_image_as_pattern=&#8220;without_pattern&#8220;][vc_column css=&#8220;.vc_custom_1618854255089{background-color: #3d3b42 !important;}&#8220; offset=&#8220;vc_hidden-lg vc_hidden-md vc_hidden-sm&#8220;][vc_empty_space height=&#8220;20px&#8220;][\/vc_column][\/vc_row][vc_row css_animation=&#8220;&#8220; row_type=&#8220;row&#8220; use_row_as_full_screen_section=&#8220;no&#8220; type=&#8220;full_width&#8220; angled_section=&#8220;no&#8220; text_align=&#8220;left&#8220; background_image_as_pattern=&#8220;without_pattern&#8220; z_index=&#8220;&#8220;][vc_column css=&#8220;.vc_custom_1618855145744{border-top-width: 1px !important;padding-top: 50px !important;padding-right: 10% !important;padding-left: 10% !important;background-color: #6e9077 !important;border-top-color: #c4a747 !important;border-top-style: solid !important;border-radius: 1px !important;}&#8220; offset=&#8220;vc_hidden-lg vc_hidden-md vc_hidden-sm&#8220;][vc_text_separator title=&#8220;VERANSTALTUNGSORT M\u00dcNCHEN&#8220; css_animation=&#8220;fadeInDown&#8220; border=&#8220;no&#8220;][vc_empty_space height=&#8220;40px&#8220;][vc_column_text css=&#8220;.vc_custom_1725287518081{margin-right: 5% !important;margin-left: 5% !important;}&#8220;]<span style=\"color: #6e9077;\">V<\/span><\/p>\n<p class=\"p1\" style=\"text-align: center; color: white;\"><strong style=\"color: #c4a747;\">velvet space<\/strong>, unsere zentral gelegenen R\u00e4umlichkeiten bieten 80m\u00b2 und Platz f\u00fcr bis zu 60 Personen. Der velvet space zeichnet sich f\u00fcr sein industriell schickes Design aus und begr\u00fc\u00dft dich und deine G\u00e4ste in einer pers\u00f6nlichen Atmosph\u00e4re.<br \/>\nOb du einen Veranstaltungsort in M\u00fcnchen f\u00fcr ein Teammeeting ben\u00f6tigst, einen Ort f\u00fcr ein Workshop am Abend oder einen Raum f\u00fcr ein Afterwork-Networking-Event suchst &#8211; unsere R\u00e4umlichkeiten passen sich an deine Bed\u00fcrfnisse an und wir sind offen f\u00fcr Sonderw\u00fcnsche.<\/p>\n<p>[\/vc_column_text][vc_empty_space height=&#8220;20px&#8220;][vc_row_inner row_type=&#8220;row&#8220; type=&#8220;grid&#8220; text_align=&#8220;center&#8220; css_animation=&#8220;&#8220;][vc_column_inner width=&#8220;1\/5&#8243;][\/vc_column_inner][vc_column_inner width=&#8220;1\/5&#8243;][\/vc_column_inner][vc_column_inner width=&#8220;1\/5&#8243;]<a  itemprop=\"url\" href=\"https:\/\/velvet-space.com\/event-munich\/\" target=\"_blank\"  class=\"qbutton  center default\" style=\"border-radius: 1px;-moz-border-radius: 1px;-webkit-border-radius: 1px; \">ANFRAGEN<\/a>[\/vc_column_inner][vc_column_inner width=&#8220;1\/5&#8243;][\/vc_column_inner][vc_column_inner width=&#8220;1\/5&#8243;][\/vc_column_inner][\/vc_row_inner][vc_empty_space height=&#8220;20px&#8220;][vc_column_text css=&#8220;.vc_custom_1578584109940{margin-right: 5% !important;margin-left: 5% !important;}&#8220;]<\/p>\n<p class=\"p1\" style=\"text-align: center; color: white;\">M\u00f6chtest du wissen welche Veranstaltungen demn\u00e4chst im velvet space stattfinden? Besuche unsere <a style=\"color: #c4a747;\" href=\"https:\/\/www.facebook.com\/pg\/velvetspacecoworking\/events\/\">Facebook Event \u00dcbersicht<\/a>.<\/p>\n<p>[\/vc_column_text][vc_empty_space][\/vc_column][\/vc_row][vc_row css_animation=&#8220;&#8220; row_type=&#8220;row&#8220; use_row_as_full_screen_section=&#8220;no&#8220; type=&#8220;full_width&#8220; angled_section=&#8220;no&#8220; text_align=&#8220;left&#8220; background_image_as_pattern=&#8220;without_pattern&#8220; z_index=&#8220;&#8220;][vc_column width=&#8220;1\/2&#8243; css=&#8220;.vc_custom_1618854664237{padding-right: 10% !important;padding-left: 10% !important;background-color: #fff8f0 !important;}&#8220; offset=&#8220;vc_hidden-lg vc_hidden-md vc_hidden-sm&#8220;][vc_empty_space height=&#8220;50px&#8220;][vc_column_text]<\/p>\n<p style=\"text-align: center; color: #c4a747; font-size: 17px; font-weight: 400;\">&#8222;TRANSPARENZ&#8220;<\/p>\n<p>[\/vc_column_text][vc_empty_space height=&#8220;10px&#8220;][vc_column_text]<\/p>\n<h1 style=\"text-align: center;\">PREISE<\/h1>\n<p>[\/vc_column_text][vc_empty_space height=&#8220;26px&#8220;][vc_column_text css=&#8220;.vc_custom_1569337109834{margin-right: 10px !important;}&#8220;]Unsere Preise werden individuell berechnet, so dass du nur f\u00fcr die Leistungen bezahlst, die du auch tats\u00e4chlich in Anspruch nimmst.[\/vc_column_text][vc_column_text]Die Preise f\u00fcr unsere R\u00e4umlichkeiten sind abh\u00e4ngig von:[\/vc_column_text][vc_empty_space height=&#8220;10px&#8220;][vc_column_text]<\/p>\n<ul style=\"font-family: Capita-RegularItalic; color: #6e9077;\">\n<li>dem Umfang der Veranstaltung<\/li>\n<li><span class=\"s1\">der Teilnehmerzahl<\/span><\/li>\n<li>dem Zeitraum<\/li>\n<\/ul>\n<p>[\/vc_column_text][vc_empty_space height=&#8220;10px&#8220;][vc_column_text]Lass uns gerne die Details zu deiner geplanten Veranstaltung zukommen und wir melden uns so bald wie m\u00f6glich mit einem individuellem Angebot.[\/vc_column_text][vc_empty_space height=&#8220;40px&#8220;][\/vc_column][vc_column width=&#8220;1\/2&#8243; css=&#8220;.vc_custom_1618854270899{background-image: url(https:\/\/velvet-space.com\/wp-content\/uploads\/2019\/09\/1_2667\u200a\u00d7\u200a4000-soll-es-sein2.jpg?id=17709) !important;background-position: center !important;background-repeat: no-repeat !important;background-size: cover !important;}&#8220; offset=&#8220;vc_hidden-lg vc_hidden-md vc_hidden-sm&#8220;][vc_empty_space height=&#8220;500px&#8220;][\/vc_column][\/vc_row][vc_row css_animation=&#8220;&#8220; row_type=&#8220;row&#8220; use_row_as_full_screen_section=&#8220;no&#8220; type=&#8220;full_width&#8220; angled_section=&#8220;no&#8220; text_align=&#8220;left&#8220; background_image_as_pattern=&#8220;without_pattern&#8220; z_index=&#8220;&#8220;][vc_column offset=&#8220;vc_hidden-lg vc_hidden-md vc_hidden-sm&#8220;][vc_empty_space height=&#8220;50px&#8220; css=&#8220;.vc_custom_1617018476903{background-color: #c4a747 !important;}&#8220;][\/vc_column][\/vc_row][vc_row css_animation=&#8220;&#8220; row_type=&#8220;row&#8220; use_row_as_full_screen_section=&#8220;no&#8220; type=&#8220;full_width&#8220; angled_section=&#8220;no&#8220; text_align=&#8220;left&#8220; background_image_as_pattern=&#8220;without_pattern&#8220; z_index=&#8220;&#8220;][vc_column width=&#8220;1\/2&#8243; css=&#8220;.vc_custom_1618854675752{padding-right: 10% !important;padding-left: 10% !important;background-color: #fff8f0 !important;}&#8220; offset=&#8220;vc_hidden-lg vc_hidden-md vc_hidden-sm&#8220;][vc_empty_space height=&#8220;50px&#8220;][vc_column_text]<\/p>\n<p style=\"text-align: center; color: #c4a747; font-size: 17px; font-weight: 400;\">&#8222;FLEXIBILIT\u00c4T&#8220;<\/p>\n<p>[\/vc_column_text][vc_empty_space height=&#8220;10px&#8220;][vc_column_text]<\/p>\n<h1 style=\"text-align: center;\">F&amp;B<\/h1>\n<p>[\/vc_column_text][vc_empty_space height=&#8220;26px&#8220;][vc_column_text css=&#8220;.vc_custom_1569400976540{margin-right: 15px !important;}&#8220;]Auf Wunsch organisieren wir eine Auswahl an Speisen und Getr\u00e4nke f\u00fcr deine Veranstaltung.[\/vc_column_text][vc_column_text css=&#8220;.vc_custom_1569400988027{margin-right: 15px !important;}&#8220;]W\u00e4hle aus unseren hauseigenen Catering-Pakete aus:[\/vc_column_text][vc_empty_space height=&#8220;20px&#8220;][vc_column_text css=&#8220;.vc_custom_1569401303641{margin-right: 15px !important;}&#8220;]<\/p>\n<ul style=\"font-family: Capita-RegularItalic; color: #6e9077;\">\n<li>\u201cHave a break, have a snack\u201d (inkl. Snacks wie Brezeln, Croissants, Obst, Geb\u00e4ck, etc.)<\/li>\n<li><span class=\"s1\">\u201cNever lunch alone\u201d (inkl. Sandwiches, Wraps, Fingerfood, etc.)<\/span><\/li>\n<\/ul>\n<p>[\/vc_column_text][vc_empty_space height=&#8220;20px&#8220;][vc_column_text css=&#8220;.vc_custom_1569401315280{margin-right: 15px !important;}&#8220;]Gerne kannst du auch die BYO-Option ausw\u00e4hlen und dein eigenes Catering organisieren. In diesem Fall w\u00fcrden wir nur eine geringe Reinigungsgeb\u00fchr berechnen.[\/vc_column_text][vc_empty_space height=&#8220;40px&#8220;][\/vc_column][vc_column width=&#8220;1\/2&#8243; css=&#8220;.vc_custom_1618854301389{background-image: url(https:\/\/velvet-space.com\/wp-content\/uploads\/2019\/09\/velvet_space_opening_fot2252.jpg?id=17668) !important;background-position: center !important;background-repeat: no-repeat !important;background-size: cover !important;}&#8220; offset=&#8220;vc_hidden-lg vc_hidden-md vc_hidden-sm&#8220;][vc_empty_space height=&#8220;500px&#8220;][\/vc_column][\/vc_row][vc_row css_animation=&#8220;&#8220; row_type=&#8220;row&#8220; use_row_as_full_screen_section=&#8220;no&#8220; type=&#8220;full_width&#8220; angled_section=&#8220;no&#8220; text_align=&#8220;left&#8220; background_image_as_pattern=&#8220;without_pattern&#8220;][vc_column offset=&#8220;vc_hidden-lg vc_hidden-md vc_hidden-sm&#8220;][vc_empty_space height=&#8220;50px&#8220; css=&#8220;.vc_custom_1617018493869{background-color: #c4a747 !important;}&#8220;][\/vc_column][\/vc_row][vc_row css_animation=&#8220;&#8220; row_type=&#8220;row&#8220; use_row_as_full_screen_section=&#8220;no&#8220; type=&#8220;full_width&#8220; angled_section=&#8220;no&#8220; text_align=&#8220;left&#8220; background_image_as_pattern=&#8220;without_pattern&#8220; z_index=&#8220;&#8220;][vc_column width=&#8220;1\/2&#8243; css=&#8220;.vc_custom_1618854687846{padding-right: 10% !important;padding-left: 10% !important;background-color: #fff8f0 !important;}&#8220; offset=&#8220;vc_hidden-lg vc_hidden-md vc_hidden-sm&#8220;][vc_empty_space height=&#8220;50px&#8220;][vc_column_text]<\/p>\n<p style=\"text-align: center; color: #c4a747; font-size: 17px; font-weight: 400;\">&#8222;KUNDENORIENTIERUNG&#8220;<\/p>\n<p>[\/vc_column_text][vc_empty_space height=&#8220;10px&#8220;][vc_column_text]<\/p>\n<h1 style=\"text-align: center;\">EQUIPMENT \/ AUSSTATTUNG<\/h1>\n<p>[\/vc_column_text][vc_empty_space height=&#8220;20px&#8220;][vc_column_text]Hier findest du eine \u00dcbersicht unserer Ausstattung:[\/vc_column_text][vc_empty_space height=&#8220;10px&#8220;][vc_column_text]<\/p>\n<ul style=\"font-family: Capita-RegularItalic; color: #6e9077;\">\n<li>Flipchart \/ Whiteboard<\/li>\n<li><span class=\"s1\">50-Zoll Bildschirm mit HDMI Anschluss<\/span><\/li>\n<li>Ausfahrbare Leinwand und Beamer<\/li>\n<li>Konferenzspinne<\/li>\n<li>Verschiedene Sitzm\u00f6glichkeiten (Theater, U-Form, Kreis, etc.)<\/li>\n<li>Espressomaschine in Barista-Qualit\u00e4t<\/li>\n<\/ul>\n<p>[\/vc_column_text][vc_empty_space height=&#8220;10px&#8220;][vc_column_text]Wir versuchen immer flexibel auf alle Bed\u00fcrfnisse zu reagieren. Gib uns also gerne Bescheid falls du zus\u00e4tzliche Anregungen oder W\u00fcnsche hast. Wir werden unser Bestes geben, um deine Anfrage umzusetzen.[\/vc_column_text][vc_empty_space height=&#8220;40px&#8220;][\/vc_column][vc_column width=&#8220;1\/2&#8243; css=&#8220;.vc_custom_1618854317394{background-image: url(https:\/\/velvet-space.com\/wp-content\/uploads\/2019\/09\/Bild-Webseite1A.jpg?id=17708) !important;background-position: center !important;background-repeat: no-repeat !important;background-size: cover !important;}&#8220; offset=&#8220;vc_hidden-lg vc_hidden-md vc_hidden-sm&#8220;][vc_empty_space height=&#8220;500px&#8220;][\/vc_column][\/vc_row][vc_row css_animation=&#8220;&#8220; row_type=&#8220;row&#8220; use_row_as_full_screen_section=&#8220;no&#8220; type=&#8220;full_width&#8220; angled_section=&#8220;no&#8220; text_align=&#8220;left&#8220; background_image_as_pattern=&#8220;without_pattern&#8220; z_index=&#8220;&#8220;][vc_column css=&#8220;.vc_custom_1618854695466{border-top-width: 1px !important;padding-top: 50px !important;padding-right: 10% !important;padding-left: 10% !important;background-color: #6e9077 !important;border-top-color: #c4a747 !important;border-top-style: solid !important;border-radius: 1px !important;}&#8220; offset=&#8220;vc_hidden-lg vc_hidden-md vc_hidden-sm&#8220;][vc_text_separator title=&#8220;WER &amp; WIE&#8220; css_animation=&#8220;fadeInDown&#8220; border=&#8220;no&#8220;][vc_empty_space height=&#8220;40px&#8220;][vc_column_text css=&#8220;.vc_custom_1569327308189{margin-right: 5% !important;margin-left: 5% !important;}&#8220;]<\/p>\n<p>[\/vc_column_text][vc_empty_space height=&#8220;15px&#8220;][vc_column_text css=&#8220;.vc_custom_1592939004427{margin-right: 5% !important;margin-left: 5% !important;}&#8220;]<\/p>\n<p class=\"p1\" style=\"text-align: center; color: white;\">Um unsere R\u00e4umlichkeiten f\u00fcr eine Veranstaltung anzumieten ist es nicht notwendig Mitglied bei velvet space zu sein.<br \/>\nF\u00fclle einfach unser Anfrageformular aus um mit uns in Kontakt zu treten und wir werden eine ma\u00dfgeschneiderte L\u00f6sung f\u00fcr dich und deine Veranstaltung finden.<br \/>\nBitte nur anfragen wenn es sich um eine Businessveranstaltung handelt. Es d\u00fcrfen bei uns keine Geburtstage oder andere Partys gefeiert werden.<\/p>\n<p>[\/vc_column_text][vc_empty_space height=&#8220;15px&#8220;][vc_empty_space height=&#8220;15px&#8220;][vc_column_text css=&#8220;.vc_custom_1585836350651{margin-right: 5% !important;margin-left: 5% !important;}&#8220;]<\/p>\n<p class=\"p1\" style=\"text-align: center; color: white;\">In der Zwischenzeit kannst du dir gerne auf unserer <a style=\"color: #c4a747;\" href=\"https:\/\/www.facebook.com\/pg\/velvetspacecoworking\/events\/\">Facebook-Seite<\/a> eine \u00dcbersicht der kommenden Veranstaltungen verschaffen..<\/p>\n<p>[\/vc_column_text][vc_empty_space][vc_row_inner row_type=&#8220;row&#8220; type=&#8220;grid&#8220; text_align=&#8220;center&#8220; css_animation=&#8220;&#8220;][vc_column_inner width=&#8220;1\/5&#8243;][\/vc_column_inner][vc_column_inner width=&#8220;1\/5&#8243;][\/vc_column_inner][vc_column_inner width=&#8220;1\/5&#8243; offset=&#8220;vc_hidden-lg vc_hidden-md vc_hidden-sm&#8220;]<a  itemprop=\"url\" href=\"https:\/\/velvet-space.com\/event-munich\/\" target=\"_blank\"  class=\"qbutton  center default\" style=\"border-radius: 1px;-moz-border-radius: 1px;-webkit-border-radius: 1px; \">ANFRAGEN<\/a>[vc_empty_space][\/vc_column_inner][vc_column_inner width=&#8220;1\/5&#8243;][\/vc_column_inner][vc_column_inner width=&#8220;1\/5&#8243;][\/vc_column_inner][\/vc_row_inner][\/vc_column][\/vc_row]<\/p>\n","protected":false},"excerpt":{"rendered":"<p>[vc_row css_animation=&#8220;&#8220; row_type=&#8220;row&#8220; use_row_as_full_screen_section=&#8220;no&#8220; type=&#8220;full_width&#8220; angled_section=&#8220;no&#8220; text_align=&#8220;left&#8220; background_image_as_pattern=&#8220;without_pattern&#8220; css=&#8220;.vc_custom_1569334127073{background-image: url(https:\/\/velvet-space.com\/wp-content\/uploads\/2019\/09\/velvet_space_opening_fot2675.jpg?id=17669) !important;background-position: center !important;background-repeat: no-repeat !important;background-size: cover !important;}&#8220; z_index=&#8220;&#8220;][vc_column css=&#8220;.vc_custom_1618854138343{margin-top: 0px !important;margin-right: 0px !important;margin-bottom: 0px !important;margin-left: 0px !important;}&#8220; offset=&#8220;vc_hidden-xs&#8220;][vc_empty_space height=&#8220;350px&#8220;][vc_custom_heading text=&#8220;#thevelvetwayofevents&#8220; font_container=&#8220;tag:p|font_size:35|text_align:center|color:%23fff8f0&#8243; use_theme_fonts=&#8220;yes&#8220; css_animation=&#8220;fadeInUp&#8220;][vc_empty_space height=&#8220;350px&#8220;][\/vc_column][\/vc_row][vc_row css_animation=&#8220;&#8220; row_type=&#8220;row&#8220; use_row_as_full_screen_section=&#8220;no&#8220; type=&#8220;full_width&#8220; angled_section=&#8220;no&#8220; text_align=&#8220;left&#8220; background_image_as_pattern=&#8220;without_pattern&#8220;][vc_column css=&#8220;.vc_custom_1618854143691{background-color: #3d3b42 !important;}&#8220; offset=&#8220;vc_hidden-xs&#8220;][vc_empty_space&#8230;<\/p>\n","protected":false},"author":1,"featured_media":0,"parent":0,"menu_order":0,"comment_status":"closed","ping_status":"closed","template":"full_width.php","meta":[],"yoast_head":"<!-- This site is optimized with the Yoast SEO plugin v19.4 - https:\/\/yoast.com\/wordpress\/plugins\/seo\/ -->\n<title>VERANSTALTUNGSORT M\u00dcNCHEN - velvet space coworking<\/title>\n<meta name=\"description\" content=\"Suchst du einen Veranstaltungsort in M\u00fcnchen f\u00fcr ein Team-Meeting am Tag, einen Workshop am Abend oder ein Afterwork-Networking-Event? Komm zum velvet space!\" \/>\n<meta name=\"robots\" content=\"index, follow, max-snippet:-1, max-image-preview:large, max-video-preview:-1\" \/>\n<link rel=\"canonical\" href=\"https:\/\/velvet-space.com\/de\/events-veranstaltungsort-muenchen\/\" \/>\n<meta property=\"og:locale\" content=\"de_DE\" \/>\n<meta property=\"og:type\" content=\"article\" \/>\n<meta property=\"og:title\" content=\"VERANSTALTUNGSORT M\u00dcNCHEN - velvet space coworking\" \/>\n<meta property=\"og:description\" content=\"Suchst du einen Veranstaltungsort in M\u00fcnchen f\u00fcr ein Team-Meeting am Tag, einen Workshop am Abend oder ein Afterwork-Networking-Event? Komm zum velvet space!\" \/>\n<meta property=\"og:url\" content=\"https:\/\/velvet-space.com\/de\/events-veranstaltungsort-muenchen\/\" \/>\n<meta property=\"og:site_name\" content=\"velvet space coworking\" \/>\n<meta property=\"article:publisher\" content=\"https:\/\/www.facebook.com\/velvetspacecoworking\/\" \/>\n<meta property=\"article:modified_time\" content=\"2024-09-02T14:32:00+00:00\" \/>\n<meta name=\"twitter:card\" content=\"summary_large_image\" \/>\n<meta name=\"twitter:label1\" content=\"Gesch\u00e4tzte Lesezeit\" \/>\n\t<meta name=\"twitter:data1\" content=\"7\u00a0Minuten\" \/>\n<script type=\"application\/ld+json\" class=\"yoast-schema-graph\">{\"@context\":\"https:\/\/schema.org\",\"@graph\":[{\"@type\":\"WebSite\",\"@id\":\"https:\/\/velvet-space.com\/de\/#website\",\"url\":\"https:\/\/velvet-space.com\/de\/\",\"name\":\"v e l v e t s p a c e\",\"description\":\"coworking in the heart of munich\",\"potentialAction\":[{\"@type\":\"SearchAction\",\"target\":{\"@type\":\"EntryPoint\",\"urlTemplate\":\"https:\/\/velvet-space.com\/de\/?s={search_term_string}\"},\"query-input\":\"required name=search_term_string\"}],\"inLanguage\":\"de\"},{\"@type\":\"WebPage\",\"@id\":\"https:\/\/velvet-space.com\/de\/events-veranstaltungsort-muenchen\/\",\"url\":\"https:\/\/velvet-space.com\/de\/events-veranstaltungsort-muenchen\/\",\"name\":\"VERANSTALTUNGSORT M\u00dcNCHEN - velvet space coworking\",\"isPartOf\":{\"@id\":\"https:\/\/velvet-space.com\/de\/#website\"},\"datePublished\":\"2021-01-19T19:28:22+00:00\",\"dateModified\":\"2024-09-02T14:32:00+00:00\",\"description\":\"Suchst du einen Veranstaltungsort in M\u00fcnchen f\u00fcr ein Team-Meeting am Tag, einen Workshop am Abend oder ein Afterwork-Networking-Event? Komm zum velvet space!\",\"breadcrumb\":{\"@id\":\"https:\/\/velvet-space.com\/de\/events-veranstaltungsort-muenchen\/#breadcrumb\"},\"inLanguage\":\"de\",\"potentialAction\":[{\"@type\":\"ReadAction\",\"target\":[\"https:\/\/velvet-space.com\/de\/events-veranstaltungsort-muenchen\/\"]}]},{\"@type\":\"BreadcrumbList\",\"@id\":\"https:\/\/velvet-space.com\/de\/events-veranstaltungsort-muenchen\/#breadcrumb\",\"itemListElement\":[{\"@type\":\"ListItem\",\"position\":1,\"name\":\"Home\",\"item\":\"https:\/\/velvet-space.com\/de\/\"},{\"@type\":\"ListItem\",\"position\":2,\"name\":\"VERANSTALTUNGSORT M\u00dcNCHEN\"}]}]}<\/script>\n<!-- \/ Yoast SEO plugin. -->","yoast_head_json":{"title":"VERANSTALTUNGSORT M\u00dcNCHEN - velvet space coworking","description":"Suchst du einen Veranstaltungsort in M\u00fcnchen f\u00fcr ein Team-Meeting am Tag, einen Workshop am Abend oder ein Afterwork-Networking-Event? Komm zum velvet space!","robots":{"index":"index","follow":"follow","max-snippet":"max-snippet:-1","max-image-preview":"max-image-preview:large","max-video-preview":"max-video-preview:-1"},"canonical":"https:\/\/velvet-space.com\/de\/events-veranstaltungsort-muenchen\/","og_locale":"de_DE","og_type":"article","og_title":"VERANSTALTUNGSORT M\u00dcNCHEN - velvet space coworking","og_description":"Suchst du einen Veranstaltungsort in M\u00fcnchen f\u00fcr ein Team-Meeting am Tag, einen Workshop am Abend oder ein Afterwork-Networking-Event? Komm zum velvet space!","og_url":"https:\/\/velvet-space.com\/de\/events-veranstaltungsort-muenchen\/","og_site_name":"velvet space coworking","article_publisher":"https:\/\/www.facebook.com\/velvetspacecoworking\/","article_modified_time":"2024-09-02T14:32:00+00:00","twitter_card":"summary_large_image","twitter_misc":{"Gesch\u00e4tzte Lesezeit":"7\u00a0Minuten"},"schema":{"@context":"https:\/\/schema.org","@graph":[{"@type":"WebSite","@id":"https:\/\/velvet-space.com\/de\/#website","url":"https:\/\/velvet-space.com\/de\/","name":"v e l v e t s p a c e","description":"coworking in the heart of munich","potentialAction":[{"@type":"SearchAction","target":{"@type":"EntryPoint","urlTemplate":"https:\/\/velvet-space.com\/de\/?s={search_term_string}"},"query-input":"required name=search_term_string"}],"inLanguage":"de"},{"@type":"WebPage","@id":"https:\/\/velvet-space.com\/de\/events-veranstaltungsort-muenchen\/","url":"https:\/\/velvet-space.com\/de\/events-veranstaltungsort-muenchen\/","name":"VERANSTALTUNGSORT M\u00dcNCHEN - velvet space coworking","isPartOf":{"@id":"https:\/\/velvet-space.com\/de\/#website"},"datePublished":"2021-01-19T19:28:22+00:00","dateModified":"2024-09-02T14:32:00+00:00","description":"Suchst du einen Veranstaltungsort in M\u00fcnchen f\u00fcr ein Team-Meeting am Tag, einen Workshop am Abend oder ein Afterwork-Networking-Event? Komm zum velvet space!","breadcrumb":{"@id":"https:\/\/velvet-space.com\/de\/events-veranstaltungsort-muenchen\/#breadcrumb"},"inLanguage":"de","potentialAction":[{"@type":"ReadAction","target":["https:\/\/velvet-space.com\/de\/events-veranstaltungsort-muenchen\/"]}]},{"@type":"BreadcrumbList","@id":"https:\/\/velvet-space.com\/de\/events-veranstaltungsort-muenchen\/#breadcrumb","itemListElement":[{"@type":"ListItem","position":1,"name":"Home","item":"https:\/\/velvet-space.com\/de\/"},{"@type":"ListItem","position":2,"name":"VERANSTALTUNGSORT M\u00dcNCHEN"}]}]}},"_links":{"self":[{"href":"https:\/\/velvet-space.com\/de\/wp-json\/wp\/v2\/pages\/18659"}],"collection":[{"href":"https:\/\/velvet-space.com\/de\/wp-json\/wp\/v2\/pages"}],"about":[{"href":"https:\/\/velvet-space.com\/de\/wp-json\/wp\/v2\/types\/page"}],"author":[{"embeddable":true,"href":"https:\/\/velvet-space.com\/de\/wp-json\/wp\/v2\/users\/1"}],"replies":[{"embeddable":true,"href":"https:\/\/velvet-space.com\/de\/wp-json\/wp\/v2\/comments?post=18659"}],"version-history":[{"count":27,"href":"https:\/\/velvet-space.com\/de\/wp-json\/wp\/v2\/pages\/18659\/revisions"}],"predecessor-version":[{"id":20521,"href":"https:\/\/velvet-space.com\/de\/wp-json\/wp\/v2\/pages\/18659\/revisions\/20521"}],"wp:attachment":[{"href":"https:\/\/velvet-space.com\/de\/wp-json\/wp\/v2\/media?parent=18659"}],"curies":[{"name":"wp","href":"https:\/\/api.w.org\/{rel}","templated":true}]}}