{"id":18536,"date":"2021-01-19T18:24:50","date_gmt":"2021-01-19T18:24:50","guid":{"rendered":"https:\/\/velvet-space.com\/dedicated-desk-fester-arbeitsplatz\/"},"modified":"2026-01-21T14:10:45","modified_gmt":"2026-01-21T14:10:45","slug":"dedicated-desk-fester-arbeitsplatz","status":"publish","type":"page","link":"https:\/\/velvet-space.com\/de\/dedicated-desk-fester-arbeitsplatz\/","title":{"rendered":"FESTER ARBEITSPLATZ"},"content":{"rendered":"<p>[vc_row css_animation=&#8220;&#8220; row_type=&#8220;row&#8220; use_row_as_full_screen_section=&#8220;no&#8220; type=&#8220;full_width&#8220; angled_section=&#8220;no&#8220; text_align=&#8220;left&#8220; background_image_as_pattern=&#8220;without_pattern&#8220; z_index=&#8220;&#8220;][vc_column css_animation=&#8220;fadeInUpBig&#8220; width=&#8220;1\/2&#8243; offset=&#8220;vc_hidden-sm vc_hidden-xs&#8220;]<div class=\"om_cc_vc_carouselelement_f8ee529c om-cc-slider\" data-height=\"auto\" data-navigation=\"true\" data-auto=\"true\" data-rewind=\"true\" data-speed=\"1000\" data-rewind-speed=\"1000\" data-onhover-stop=\"false\" data-om-slider=\"\"><a itemprop=\"image\"><img src=\"https:\/\/velvet-space.com\/wp-content\/uploads\/2019\/08\/05_velvet_space.jpg\" alt=\"dedicated desk at coworking space\"\/><\/a><a itemprop=\"image\"><img src=\"https:\/\/velvet-space.com\/wp-content\/uploads\/2019\/09\/Velvet_Space-14.jpg\" alt=\"open space velvet space\"\/><\/a><a itemprop=\"image\"><img src=\"https:\/\/velvet-space.com\/wp-content\/uploads\/2019\/05\/vs_meeting_2.jpg\" alt=\"velvet space meeting room\"\/><\/a><a itemprop=\"image\"><img src=\"https:\/\/velvet-space.com\/wp-content\/uploads\/2019\/09\/04_velvet_space.jpg\" alt=\"coworking space coffee station\"\/><\/a><\/div>[\/vc_column][vc_column css_animation=&#8220;fadeInDownBig&#8220; width=&#8220;1\/2&#8243; css=&#8220;.vc_custom_1559058125976{padding-right: 50px !important;padding-left: 50px !important;background-color: #fff8f0 !important;background-position: center !important;background-repeat: no-repeat !important;background-size: cover !important;}&#8220; offset=&#8220;vc_hidden-sm vc_hidden-xs&#8220;][vc_row_inner row_type=&#8220;row&#8220; type=&#8220;full_width&#8220; text_align=&#8220;left&#8220; css_animation=&#8220;&#8220;][vc_column_inner][vc_empty_space height=&#8220;30px&#8220; css=&#8220;.vc_custom_1592913520065{background-position: center !important;background-repeat: no-repeat !important;background-size: cover !important;}&#8220;][\/vc_column_inner][\/vc_row_inner][vc_column_text]<\/p>\n<p style=\"text-align: center; color: #c4a747; font-size: 17px; font-weight: 400;\">&#8222;MARK YOUR TERRITORY&#8220;<\/p>\n<p>[\/vc_column_text][vc_empty_space height=&#8220;30px&#8220;][vc_column_text]<\/p>\n<h1 style=\"text-align: center;\">FESTER ARBEITSPLATZ<\/h1>\n<p>[\/vc_column_text][vc_empty_space height=&#8220;30px&#8220;][vc_column_text]<\/p>\n<h2 style=\"text-align: center;\"><strong><span style=\"color: #c4a747;\">\u20ac<\/span> 440 <span style=\"color: #c4a747;\">|<\/span> monat<\/strong><\/h2>\n<p>[\/vc_column_text][vc_empty_space height=&#8220;5px&#8220;][vc_column_text]<\/p>\n<p style=\"font-family: Capita-RegularItalic; color: #6e9077; text-align: center;\">Preis exkl. 19% USt<\/p>\n<p>[\/vc_column_text][vc_empty_space height=&#8220;50px&#8220;][vc_column_text]<\/p>\n<p style=\"font-weight: 300; font-size: 16px;\">Lass Dich nieder, schaffe dir dein eigenes Nest. Verwandle deinen festen Platz in deinem neuen zweiten Zuhause.<\/p>\n<p>[\/vc_column_text][vc_empty_space height=&#8220;30px&#8220;][vc_column_text]<\/p>\n<ul style=\"font-family: Capita-RegularItalic; color: #6e9077;\">\n<li><span class=\"s1\">Platz im Open Space <\/span><\/li>\n<li><span class=\"s1\">24\/7 Zugang \u00fcber mobilen Check-in<\/span><\/li>\n<li><span class=\"s1\">Wasser, Kaffee und Tee Flatrate <\/span><\/li>\n<li>Drucken, Scannen und Kopieren inklusive (faire use Basis)<\/li>\n<li>Fester Platz, richte ihn so ein wie er dir gef\u00e4llt<\/li>\n<li>Vier Stunden Meetingraumcredits pro Monat, mit bis zu 9 G\u00e4sten\/Personen<\/li>\n<li><span class=\"s1\">Optional Buchung eines Bildschirms<\/span><\/li>\n<li><span class=\"s1\">Monatlich K\u00fcndbar<\/span><\/li>\n<li>One Coworking Mitgliedschaft (du erh\u00e4ltst einen kostenlosen Tagespass pro Monat f\u00fcr eins von unseren Partner Coworking Spaces weltweit)<\/li>\n<\/ul>\n<p>[\/vc_column_text][vc_empty_space height=&#8220;30px&#8220;]<a  itemprop=\"url\" href=\"https:\/\/velvet-space.com\/de\/mitgliedschaft-anfragen\/\" target=\"_blank\"  class=\"qbutton  default\" style=\"\">ANFRAGEN<\/a>[vc_row_inner row_type=&#8220;row&#8220; type=&#8220;full_width&#8220; text_align=&#8220;left&#8220; css_animation=&#8220;&#8220;][vc_column_inner][vc_empty_space height=&#8220;30px&#8220;][vc_column_text css=&#8220;.vc_custom_1613734037399{padding-right: 3% !important;padding-bottom: 3% !important;}&#8220;]<\/p>\n<p style=\"font-size: 12px; text-align: left;\">Noch kein\u00a0<strong style=\"color: #c4a747;\">velvet space<\/strong>\u00a0Mitglied? Registriere dich jetzt hier<em>: <\/em><strong><a href=\"https:\/\/velvetspace.spaces.nexudus.com\/en\/signup\" target=\"_blank\" rel=\"noopener noreferrer\">Zur Registrierung<\/a>. <\/strong>Sobald die Registrierung vollendet ist, erh\u00e4ltst du Zugang zum Mitgliederbereich und kannst von den Vorteilen profitieren sowie den Buchungsprozess f\u00fcr alle unsere Angebote abschlie\u00dfen.<\/p>\n<p>[\/vc_column_text][vc_empty_space height=&#8220;50px&#8220;][\/vc_column_inner][\/vc_row_inner][vc_column_text]<\/p>\n<h2>H\u00e4ufig gestellte Fragen<\/h2>\n<p>[\/vc_column_text][vc_empty_space height=&#8220;30px&#8220;][vc_column_text]<\/p>\n<h5 class=\"p1\" style=\"text-align: left;\"><span class=\"s1\">1. <strong>ICH BIN EINE NACHTEULE, DARF ICH BIS MITTERNACHT BEI EUCH ARBEITEN?<\/strong><\/span><\/h5>\n<p>[\/vc_column_text][vc_separator css_animation=&#8220;slideInLeft&#8220; type=&#8220;small&#8220; position=&#8220;left&#8220; color=&#8220;#c4a747&#8243; transparency=&#8220;8&#8243; thickness=&#8220;1&#8243; width=&#8220;70px&#8220;][vc_column_text]<\/p>\n<p class=\"p1\"><strong>W<\/strong>enn du \u00fcber eine monatliche Mitgliedschaft bei uns verf\u00fcgst, hast du 24\/7 Zugang zu velvet space.<br \/>\nNichtsdestotrotz bitten wir dich ein Auge auf unseren Eventkalender zu werden, falls wir im Open Space eine Veranstaltung haben.<br \/>\nAber keine Sorge, wir werden immer einen Schreibtisch f\u00fcr dich finden, an dem du ungest\u00f6rt arbeiten kannst.<\/p>\n<p>[\/vc_column_text][vc_empty_space height=&#8220;30px&#8220;][vc_column_text]<\/p>\n<h5 class=\"p1\" style=\"text-align: left;\"><strong>2. WAS IST WENN ICH PLATZ BRAUCHE UM DOKUMENTE ZU LAGERN?<\/strong><\/h5>\n<p>[\/vc_column_text][vc_separator css_animation=&#8220;slideInLeft&#8220; type=&#8220;small&#8220; position=&#8220;left&#8220; color=&#8220;#c4a747&#8243; transparency=&#8220;8&#8243; thickness=&#8220;1&#8243; width=&#8220;70px&#8220;][vc_column_text]<\/p>\n<p class=\"p1\"><strong>D<\/strong>as sollte kein Problem sein, lass uns wissen, wie viel Platz du ben\u00f6tigst und wir finden sicher eine L\u00f6sung.<\/p>\n<p>[\/vc_column_text][vc_empty_space height=&#8220;30px&#8220;][vc_column_text]<\/p>\n<h5 class=\"p1\" style=\"text-align: left;\"><strong>3. HABT IHR EINEN BILDSCHIRM, DEN ICH MIR AUSLEIHEN KANN?<\/strong><\/h5>\n<p>[\/vc_column_text][vc_separator css_animation=&#8220;slideInLeft&#8220; type=&#8220;small&#8220; position=&#8220;left&#8220; color=&#8220;#c4a747&#8243; transparency=&#8220;8&#8243; thickness=&#8220;1&#8243; width=&#8220;70px&#8220;][vc_column_text]<\/p>\n<p class=\"p1\"><strong>J<\/strong>a, frag einfach jemanden aus dem Team.<\/p>\n<p>[\/vc_column_text][vc_empty_space height=&#8220;30px&#8220;][vc_column_text]Hast du noch Fragen?<a href=\"https:\/\/velvet-space.com\/de\/kontakt\/\"> Schreib uns gerne eine Nachricht.<\/a>[\/vc_column_text][vc_empty_space height=&#8220;30px&#8220;]<a  itemprop=\"url\" href=\"https:\/\/velvet-space.com\/de\/kontakt\/\" target=\"_blank\"  class=\"qbutton  default\" style=\"\">KONTAKTIEREN<\/a>[vc_empty_space height=&#8220;30px&#8220;][\/vc_column][\/vc_row][vc_row row_type=&#8220;parallax&#8220; parallax_content_width=&#8220;full_width&#8220; text_align=&#8220;left&#8220; full_screen_section_height=&#8220;no&#8220;][vc_column css_animation=&#8220;fadeInUpBig&#8220; css=&#8220;.vc_custom_1618856670224{padding-top: 0px !important;padding-right: 10% !important;padding-bottom: 0px !important;padding-left: 10% !important;}&#8220; offset=&#8220;vc_hidden-lg vc_hidden-md&#8220;][vc_single_image image=&#8220;18502&#8243; img_size=&#8220;full&#8220; alignment=&#8220;center&#8220; qode_css_animation=&#8220;&#8220; qode_hover_animation=&#8220;zoom_in&#8220;][vc_empty_space height=&#8220;40px&#8220; css=&#8220;.vc_custom_1617030981804{background-position: center !important;background-repeat: no-repeat !important;background-size: cover !important;}&#8220;][vc_column_text]<\/p>\n<p style=\"text-align: center; color: #c4a747; font-size: 17px; font-weight: 400;\">&#8222;MARK YOUR TERRITORY&#8220;<\/p>\n<p>[\/vc_column_text][vc_empty_space height=&#8220;20px&#8220;][vc_column_text]<\/p>\n<h1 style=\"text-align: center;\">FESTER ARBEITSPLATZ<\/h1>\n<p>[\/vc_column_text][vc_empty_space height=&#8220;20px&#8220;][vc_column_text]<\/p>\n<h2 style=\"text-align: center;\"><strong><span style=\"color: #c4a747;\">\u20ac<\/span> 440 <span style=\"color: #c4a747;\">|<\/span> monat<\/strong><\/h2>\n<p>[\/vc_column_text][vc_empty_space height=&#8220;5px&#8220;][vc_column_text]<\/p>\n<p style=\"font-family: Capita-RegularItalic; color: #6e9077; text-align: center;\">Preis exkl. 19% USt<\/p>\n<p>[\/vc_column_text][vc_empty_space height=&#8220;10px&#8220;][vc_row_inner row_type=&#8220;row&#8220; type=&#8220;full_width&#8220; text_align=&#8220;left&#8220; css_animation=&#8220;&#8220;][vc_column_inner width=&#8220;1\/4&#8243;][\/vc_column_inner][vc_column_inner width=&#8220;3\/4&#8243; css=&#8220;.vc_custom_1618856676006{padding-right: 10% !important;padding-left: 10% !important;}&#8220; offset=&#8220;vc_hidden-lg vc_hidden-md&#8220;][vc_empty_space height=&#8220;20px&#8220;][vc_column_text]<\/p>\n<p style=\"font-weight: 300; font-size: 16px;\">Lass Dich nieder, schaffe dir dein eigenes Nest. Verwandle deinen festen Platz in deinem neuen zweiten Zuhause.<\/p>\n<p>[\/vc_column_text][vc_empty_space height=&#8220;20px&#8220;][vc_column_text]<\/p>\n<ul style=\"font-family: Capita-RegularItalic; color: #6e9077;\">\n<li><span class=\"s1\">Platz im Open Space <\/span><\/li>\n<li><span class=\"s1\">24\/7 Zugang \u00fcber mobilen Check-in<\/span><\/li>\n<li><span class=\"s1\">Wasser, Kaffee und Tee Flatrate <\/span><\/li>\n<li>Drucken, Scannen und Kopieren inklusive (faire use Basis)<\/li>\n<li>Fester Platz, richte ihn so ein wie er dir gef\u00e4llt<\/li>\n<li>Vier Stunden Meetingraumcredits pro Monat, mit bis zu 9 G\u00e4sten\/Personen<\/li>\n<li><span class=\"s1\">Optional Buchung eines Bildschirms<\/span><\/li>\n<li><span class=\"s1\">Monatlich K\u00fcndbar<\/span><\/li>\n<li>One Coworking Mitgliedschaft (du erh\u00e4ltst einen kostenlosen Tagespass pro Monat f\u00fcr eins von unseren Partner Coworking Spaces weltweit)<\/li>\n<\/ul>\n<p>[\/vc_column_text][vc_empty_space height=&#8220;30px&#8220;]<a  itemprop=\"url\" href=\"https:\/\/velvet-space.com\/de\/mitgliedschaft-anfragen\/\" target=\"_blank\"  class=\"qbutton  default\" style=\"\">ANFRAGEN<\/a>[\/vc_column_inner][\/vc_row_inner][\/vc_column][\/vc_row][vc_row css_animation=&#8220;&#8220; row_type=&#8220;row&#8220; use_row_as_full_screen_section=&#8220;yes&#8220; type=&#8220;full_width&#8220; angled_section=&#8220;no&#8220; text_align=&#8220;left&#8220; background_image_as_pattern=&#8220;without_pattern&#8220; css=&#8220;.vc_custom_1557147921527{margin-top: 0px !important;border-top-width: 0px !important;padding-top: 0px !important;}&#8220; z_index=&#8220;&#8220;][vc_column css=&#8220;.vc_custom_1618856681768{margin-top: 0px !important;border-top-width: 0px !important;padding-top: 0px !important;padding-right: 10% !important;padding-bottom: 0px !important;padding-left: 10% !important;}&#8220; offset=&#8220;vc_hidden-lg vc_hidden-md&#8220;][vc_empty_space height=&#8220;70px&#8220;][vc_column_text]<\/p>\n<h2>H\u00e4ufig gestellte Fragen<\/h2>\n<p>[\/vc_column_text][vc_empty_space height=&#8220;30px&#8220;][vc_column_text]<\/p>\n<h5 class=\"p1\" style=\"text-align: left;\"><span class=\"s1\">1. <strong>ICH BIN EINE NACHTEULE, DARF ICH BIS MITTERNACHT BEI EUCH ARBEITEN?<\/strong><\/span><\/h5>\n<p>[\/vc_column_text][vc_separator css_animation=&#8220;slideInLeft&#8220; type=&#8220;small&#8220; position=&#8220;left&#8220; color=&#8220;#c4a747&#8243; transparency=&#8220;8&#8243; thickness=&#8220;1&#8243; width=&#8220;70px&#8220;][vc_column_text]<\/p>\n<p class=\"p1\"><strong>W<\/strong>enn du \u00fcber eine monatliche Mitgliedschaft bei uns verf\u00fcgst, hast du 24\/7 Zugang zu velvet space.<br \/>\nNichtsdestotrotz bitten wir dich ein Auge auf unseren Eventkalender zu werden, falls wir im Open Space eine Veranstaltung haben.<br \/>\nAber keine Sorge, wir werden immer einen Schreibtisch f\u00fcr dich finden, an dem du ungest\u00f6rt arbeiten kannst.<\/p>\n<p>[\/vc_column_text][vc_empty_space height=&#8220;30px&#8220;][vc_column_text]<\/p>\n<h5 class=\"p1\" style=\"text-align: left;\"><strong>2. WAS IST WENN ICH PLATZ BRAUCHE UM DOKUMENTE ZU LAGERN?<\/strong><\/h5>\n<p>[\/vc_column_text][vc_separator css_animation=&#8220;slideInLeft&#8220; type=&#8220;small&#8220; position=&#8220;left&#8220; color=&#8220;#c4a747&#8243; transparency=&#8220;8&#8243; thickness=&#8220;1&#8243; width=&#8220;70px&#8220;][vc_column_text]<\/p>\n<p class=\"p1\"><strong>D<\/strong>as sollte kein Problem sein, lass uns wissen, wie viel Platz du ben\u00f6tigst und wir finden sicher eine L\u00f6sung.<\/p>\n<p>[\/vc_column_text][vc_empty_space height=&#8220;30px&#8220;][vc_column_text]<\/p>\n<h5 class=\"p1\" style=\"text-align: left;\"><strong>3. HABT IHR EINEN BILDSCHIRM, DEN ICH MIR AUSLEIHEN KANN?<\/strong><\/h5>\n<p>[\/vc_column_text][vc_separator css_animation=&#8220;slideInLeft&#8220; type=&#8220;small&#8220; position=&#8220;left&#8220; color=&#8220;#c4a747&#8243; transparency=&#8220;8&#8243; thickness=&#8220;1&#8243; width=&#8220;70px&#8220;][vc_column_text]<\/p>\n<p class=\"p1\"><strong>J<\/strong>a, frag einfach jemanden aus dem Team.<\/p>\n<p>[\/vc_column_text][vc_empty_space height=&#8220;30px&#8220;][vc_column_text]Hast du noch Fragen?<a href=\"https:\/\/velvet-space.com\/de\/kontakt\/\"> Schreib uns gerne eine Nachricht.<\/a>[\/vc_column_text][vc_empty_space height=&#8220;30px&#8220;]<a  itemprop=\"url\" href=\"https:\/\/velvet-space.com\/de\/kontakt\/\" target=\"_blank\"  class=\"qbutton  default\" style=\"\">KONTAKTIEREN<\/a>[vc_empty_space height=&#8220;5px&#8220;][\/vc_column][\/vc_row][vc_row css_animation=&#8220;&#8220; row_type=&#8220;row&#8220; use_row_as_full_screen_section=&#8220;yes&#8220; type=&#8220;full_width&#8220; angled_section=&#8220;no&#8220; text_align=&#8220;left&#8220; background_image_as_pattern=&#8220;without_pattern&#8220; css=&#8220;.vc_custom_1557147921527{margin-top: 0px !important;border-top-width: 0px !important;padding-top: 0px !important;}&#8220; z_index=&#8220;&#8220;][vc_column css=&#8220;.vc_custom_1617017871122{border-top-width: 2px !important;background-color: #6e9077 !important;border-top-color: #c4a747 !important;border-top-style: solid !important;border-radius: 1px !important;}&#8220; offset=&#8220;vc_hidden-xs&#8220;][\/vc_column][\/vc_row]<\/p>\n","protected":false},"excerpt":{"rendered":"<p>[vc_row css_animation=&#8220;&#8220; row_type=&#8220;row&#8220; use_row_as_full_screen_section=&#8220;no&#8220; type=&#8220;full_width&#8220; angled_section=&#8220;no&#8220; text_align=&#8220;left&#8220; background_image_as_pattern=&#8220;without_pattern&#8220; z_index=&#8220;&#8220;][vc_column css_animation=&#8220;fadeInUpBig&#8220; width=&#8220;1\/2&#8243; offset=&#8220;vc_hidden-sm vc_hidden-xs&#8220;][\/vc_column][vc_column css_animation=&#8220;fadeInDownBig&#8220; width=&#8220;1\/2&#8243; css=&#8220;.vc_custom_1559058125976{padding-right: 50px !important;padding-left: 50px !important;background-color: #fff8f0 !important;background-position: center !important;background-repeat: no-repeat !important;background-size: cover !important;}&#8220; offset=&#8220;vc_hidden-sm vc_hidden-xs&#8220;][vc_row_inner row_type=&#8220;row&#8220; type=&#8220;full_width&#8220; text_align=&#8220;left&#8220; css_animation=&#8220;&#8220;][vc_column_inner][vc_empty_space height=&#8220;30px&#8220; css=&#8220;.vc_custom_1592913520065{background-position: center !important;background-repeat: no-repeat !important;background-size: cover !important;}&#8220;][\/vc_column_inner][\/vc_row_inner][vc_column_text] &#8222;MARK YOUR TERRITORY&#8220;&#8230;<\/p>\n","protected":false},"author":1,"featured_media":0,"parent":0,"menu_order":0,"comment_status":"closed","ping_status":"closed","template":"full_width.php","meta":[],"yoast_head":"<!-- This site is optimized with the Yoast SEO plugin v19.4 - https:\/\/yoast.com\/wordpress\/plugins\/seo\/ -->\n<title>FESTER ARBEITSPLATZ - velvet space coworking<\/title>\n<meta name=\"description\" content=\"M\u00f6chtest du einen Schreibtisch in einem stylischen Coworking Space mitten im Zentrum von M\u00fcnchen mieten? Buche einfach einen unserer dedizierten Schreibtische und lege los!\" \/>\n<meta name=\"robots\" content=\"index, follow, max-snippet:-1, max-image-preview:large, max-video-preview:-1\" \/>\n<link rel=\"canonical\" href=\"https:\/\/velvet-space.com\/de\/dedicated-desk-fester-arbeitsplatz\/\" \/>\n<meta property=\"og:locale\" content=\"de_DE\" \/>\n<meta property=\"og:type\" content=\"article\" \/>\n<meta property=\"og:title\" content=\"FESTER ARBEITSPLATZ - velvet space coworking\" \/>\n<meta property=\"og:description\" content=\"M\u00f6chtest du einen Schreibtisch in einem stylischen Coworking Space mitten im Zentrum von M\u00fcnchen mieten? Buche einfach einen unserer dedizierten Schreibtische und lege los!\" \/>\n<meta property=\"og:url\" content=\"https:\/\/velvet-space.com\/de\/dedicated-desk-fester-arbeitsplatz\/\" \/>\n<meta property=\"og:site_name\" content=\"velvet space coworking\" \/>\n<meta property=\"article:publisher\" content=\"https:\/\/www.facebook.com\/velvetspacecoworking\/\" \/>\n<meta property=\"article:modified_time\" content=\"2026-01-21T14:10:45+00:00\" \/>\n<meta name=\"twitter:card\" content=\"summary_large_image\" \/>\n<meta name=\"twitter:label1\" content=\"Gesch\u00e4tzte Lesezeit\" \/>\n\t<meta name=\"twitter:data1\" content=\"4\u00a0Minuten\" \/>\n<script type=\"application\/ld+json\" class=\"yoast-schema-graph\">{\"@context\":\"https:\/\/schema.org\",\"@graph\":[{\"@type\":\"WebSite\",\"@id\":\"https:\/\/velvet-space.com\/de\/#website\",\"url\":\"https:\/\/velvet-space.com\/de\/\",\"name\":\"v e l v e t s p a c e\",\"description\":\"coworking in the heart of munich\",\"potentialAction\":[{\"@type\":\"SearchAction\",\"target\":{\"@type\":\"EntryPoint\",\"urlTemplate\":\"https:\/\/velvet-space.com\/de\/?s={search_term_string}\"},\"query-input\":\"required name=search_term_string\"}],\"inLanguage\":\"de\"},{\"@type\":\"WebPage\",\"@id\":\"https:\/\/velvet-space.com\/de\/dedicated-desk-fester-arbeitsplatz\/\",\"url\":\"https:\/\/velvet-space.com\/de\/dedicated-desk-fester-arbeitsplatz\/\",\"name\":\"FESTER ARBEITSPLATZ - velvet space coworking\",\"isPartOf\":{\"@id\":\"https:\/\/velvet-space.com\/de\/#website\"},\"datePublished\":\"2021-01-19T18:24:50+00:00\",\"dateModified\":\"2026-01-21T14:10:45+00:00\",\"description\":\"M\u00f6chtest du einen Schreibtisch in einem stylischen Coworking Space mitten im Zentrum von M\u00fcnchen mieten? Buche einfach einen unserer dedizierten Schreibtische und lege los!\",\"breadcrumb\":{\"@id\":\"https:\/\/velvet-space.com\/de\/dedicated-desk-fester-arbeitsplatz\/#breadcrumb\"},\"inLanguage\":\"de\",\"potentialAction\":[{\"@type\":\"ReadAction\",\"target\":[\"https:\/\/velvet-space.com\/de\/dedicated-desk-fester-arbeitsplatz\/\"]}]},{\"@type\":\"BreadcrumbList\",\"@id\":\"https:\/\/velvet-space.com\/de\/dedicated-desk-fester-arbeitsplatz\/#breadcrumb\",\"itemListElement\":[{\"@type\":\"ListItem\",\"position\":1,\"name\":\"Home\",\"item\":\"https:\/\/velvet-space.com\/de\/\"},{\"@type\":\"ListItem\",\"position\":2,\"name\":\"FESTER ARBEITSPLATZ\"}]}]}<\/script>\n<!-- \/ Yoast SEO plugin. -->","yoast_head_json":{"title":"FESTER ARBEITSPLATZ - velvet space coworking","description":"M\u00f6chtest du einen Schreibtisch in einem stylischen Coworking Space mitten im Zentrum von M\u00fcnchen mieten? Buche einfach einen unserer dedizierten Schreibtische und lege los!","robots":{"index":"index","follow":"follow","max-snippet":"max-snippet:-1","max-image-preview":"max-image-preview:large","max-video-preview":"max-video-preview:-1"},"canonical":"https:\/\/velvet-space.com\/de\/dedicated-desk-fester-arbeitsplatz\/","og_locale":"de_DE","og_type":"article","og_title":"FESTER ARBEITSPLATZ - velvet space coworking","og_description":"M\u00f6chtest du einen Schreibtisch in einem stylischen Coworking Space mitten im Zentrum von M\u00fcnchen mieten? Buche einfach einen unserer dedizierten Schreibtische und lege los!","og_url":"https:\/\/velvet-space.com\/de\/dedicated-desk-fester-arbeitsplatz\/","og_site_name":"velvet space coworking","article_publisher":"https:\/\/www.facebook.com\/velvetspacecoworking\/","article_modified_time":"2026-01-21T14:10:45+00:00","twitter_card":"summary_large_image","twitter_misc":{"Gesch\u00e4tzte Lesezeit":"4\u00a0Minuten"},"schema":{"@context":"https:\/\/schema.org","@graph":[{"@type":"WebSite","@id":"https:\/\/velvet-space.com\/de\/#website","url":"https:\/\/velvet-space.com\/de\/","name":"v e l v e t s p a c e","description":"coworking in the heart of munich","potentialAction":[{"@type":"SearchAction","target":{"@type":"EntryPoint","urlTemplate":"https:\/\/velvet-space.com\/de\/?s={search_term_string}"},"query-input":"required name=search_term_string"}],"inLanguage":"de"},{"@type":"WebPage","@id":"https:\/\/velvet-space.com\/de\/dedicated-desk-fester-arbeitsplatz\/","url":"https:\/\/velvet-space.com\/de\/dedicated-desk-fester-arbeitsplatz\/","name":"FESTER ARBEITSPLATZ - velvet space coworking","isPartOf":{"@id":"https:\/\/velvet-space.com\/de\/#website"},"datePublished":"2021-01-19T18:24:50+00:00","dateModified":"2026-01-21T14:10:45+00:00","description":"M\u00f6chtest du einen Schreibtisch in einem stylischen Coworking Space mitten im Zentrum von M\u00fcnchen mieten? Buche einfach einen unserer dedizierten Schreibtische und lege los!","breadcrumb":{"@id":"https:\/\/velvet-space.com\/de\/dedicated-desk-fester-arbeitsplatz\/#breadcrumb"},"inLanguage":"de","potentialAction":[{"@type":"ReadAction","target":["https:\/\/velvet-space.com\/de\/dedicated-desk-fester-arbeitsplatz\/"]}]},{"@type":"BreadcrumbList","@id":"https:\/\/velvet-space.com\/de\/dedicated-desk-fester-arbeitsplatz\/#breadcrumb","itemListElement":[{"@type":"ListItem","position":1,"name":"Home","item":"https:\/\/velvet-space.com\/de\/"},{"@type":"ListItem","position":2,"name":"FESTER ARBEITSPLATZ"}]}]}},"_links":{"self":[{"href":"https:\/\/velvet-space.com\/de\/wp-json\/wp\/v2\/pages\/18536"}],"collection":[{"href":"https:\/\/velvet-space.com\/de\/wp-json\/wp\/v2\/pages"}],"about":[{"href":"https:\/\/velvet-space.com\/de\/wp-json\/wp\/v2\/types\/page"}],"author":[{"embeddable":true,"href":"https:\/\/velvet-space.com\/de\/wp-json\/wp\/v2\/users\/1"}],"replies":[{"embeddable":true,"href":"https:\/\/velvet-space.com\/de\/wp-json\/wp\/v2\/comments?post=18536"}],"version-history":[{"count":151,"href":"https:\/\/velvet-space.com\/de\/wp-json\/wp\/v2\/pages\/18536\/revisions"}],"predecessor-version":[{"id":20757,"href":"https:\/\/velvet-space.com\/de\/wp-json\/wp\/v2\/pages\/18536\/revisions\/20757"}],"wp:attachment":[{"href":"https:\/\/velvet-space.com\/de\/wp-json\/wp\/v2\/media?parent=18536"}],"curies":[{"name":"wp","href":"https:\/\/api.w.org\/{rel}","templated":true}]}}