{"id":18419,"date":"2020-12-07T17:46:23","date_gmt":"2020-12-07T17:46:23","guid":{"rendered":"https:\/\/velvet-space.com\/coworking-muenchen-tageskarte\/"},"modified":"2025-11-06T09:01:36","modified_gmt":"2025-11-06T09:01:36","slug":"coworking-muenchen-tageskarte","status":"publish","type":"page","link":"https:\/\/velvet-space.com\/de\/coworking-muenchen-tageskarte\/","title":{"rendered":"COWORKING M\u00dcNCHEN TAGESKARTE"},"content":{"rendered":"<p>[vc_row css_animation=&#8220;&#8220; row_type=&#8220;row&#8220; use_row_as_full_screen_section=&#8220;no&#8220; type=&#8220;full_width&#8220; angled_section=&#8220;no&#8220; text_align=&#8220;left&#8220; background_image_as_pattern=&#8220;without_pattern&#8220; z_index=&#8220;&#8220;][vc_column css_animation=&#8220;fadeInUpBig&#8220; width=&#8220;1\/2&#8243; offset=&#8220;vc_hidden-sm vc_hidden-xs&#8220; css=&#8220;.vc_custom_1559057584078{padding-top: 0px !important;padding-bottom: 0px !important;}&#8220;]<div class=\"om_cc_vc_carouselelement_115617b0 om-cc-slider\" data-height=\"auto\" data-navigation=\"true\" data-auto=\"true\" data-rewind=\"true\" data-speed=\"1000\" data-rewind-speed=\"1000\" data-onhover-stop=\"false\" data-om-slider=\"\"><a itemprop=\"image\"><img src=\"https:\/\/velvet-space.com\/wp-content\/uploads\/2019\/08\/Velvet_Space-20.jpg\" alt=\"day pass coworking space\"\/><\/a><a itemprop=\"image\"><img src=\"https:\/\/velvet-space.com\/wp-content\/uploads\/2019\/09\/Velvet_Space-6.jpg\" alt=\"two girls coworking\"\/><\/a><a itemprop=\"image\"><img src=\"https:\/\/velvet-space.com\/wp-content\/uploads\/2019\/08\/07_velvet_space.jpg\" alt=\"standing desk area\"\/><\/a><a itemprop=\"image\"><img src=\"https:\/\/velvet-space.com\/wp-content\/uploads\/2019\/08\/Velvet_Space-16.jpg\" alt=\"velvet space coworking\"\/><\/a><a itemprop=\"image\"><img src=\"https:\/\/velvet-space.com\/wp-content\/uploads\/2019\/08\/02_velvet_space2.jpg\" alt=\"velvet space interior design\"\/><\/a><a itemprop=\"image\"><img src=\"https:\/\/velvet-space.com\/wp-content\/uploads\/2019\/09\/Velvet_Space-54.jpg\" alt=\"coworking outdoor area\"\/><\/a><\/div>[\/vc_column][vc_column css_animation=&#8220;fadeInDownBig&#8220; width=&#8220;1\/2&#8243; css=&#8220;.vc_custom_1559035180592{padding-right: 50px !important;padding-left: 50px !important;background-color: #fff8f0 !important;background-position: center !important;background-repeat: no-repeat !important;background-size: cover !important;}&#8220; offset=&#8220;vc_hidden-sm vc_hidden-xs&#8220;][vc_empty_space height=&#8220;30px&#8220;][vc_column_text]<\/p>\n<p style=\"text-align: center; color: #c4a747; font-size: 17px; font-weight: 400;\">&#8222;CATCHING A GLIMPSE&#8220;<\/p>\n<p>[\/vc_column_text][vc_empty_space height=&#8220;30px&#8220;][vc_column_text]<\/p>\n<h1 style=\"text-align: center;\">TAGESKARTE KAUFEN<\/h1>\n<p>[\/vc_column_text][vc_empty_space height=&#8220;30px&#8220;][vc_column_text]<\/p>\n<h2 style=\"text-align: center;\"><strong><span style=\"color: #c4a747;\">\u20ac<\/span> 29 <span style=\"color: #c4a747;\">|<\/span> Tag<\/strong><\/h2>\n<h2 style=\"text-align: center;\"><strong><span style=\"color: #c4a747;\">\u00a0 \u00a0 \u20ac<\/span> 260 <span style=\"color: #c4a747;\">|<\/span> 10 Tage<\/strong><\/h2>\n<p>[\/vc_column_text][vc_empty_space height=&#8220;5px&#8220;][vc_column_text]<\/p>\n<p style=\"font-family: Capita-RegularItalic; color: #6e9077; text-align: center;\">Preis exkl. 19% USt<\/p>\n<p>[\/vc_column_text][vc_empty_space height=&#8220;50px&#8220;][vc_column_text]<\/p>\n<p style=\"font-weight: 300; font-size: 16px;\">Coworking M\u00fcnchen Tageskarte: Buche dir eine Tageskarte und verbringe einen Tag bei uns im Coworking Space um dir einen Eindruck von unseren R\u00e4umlichkeiten zu verschaffen. Das ist alles im Preis enthalten:<\/p>\n<p>[\/vc_column_text][vc_empty_space height=&#8220;30px&#8220;][vc_column_text]<\/p>\n<ul style=\"font-family: Capita-RegularItalic; color: #6e9077;\">\n<li>Platz im Open Space<\/li>\n<li><span class=\"s1\">Wasser, Kaffee und Tee Flat-Rate <\/span><\/li>\n<li>Drucken, Scannen und Kopieren inklusive (faire use Basis)<\/li>\n<li>R\u00fcckerstattung der Tageskarte bei Abschluss einer Mitgliedschaft<\/li>\n<li>Montag &#8211; Freitag, 9 Uhr bis 18 Uhr<\/li>\n<li>G\u00fcltigkeit: Ein Jahr ab Kaufdatum<\/li>\n<\/ul>\n<p>[\/vc_column_text][vc_empty_space height=&#8220;30px&#8220;]<a  itemprop=\"url\" href=\"https:\/\/velvetspace.spaces.nexudus.com\/en\/store\/signupproducts?productid=1036883852\" target=\"_blank\"  class=\"qbutton  default\" style=\"\">TAGESKARTE KAUFEN<\/a>[vc_row_inner row_type=&#8220;row&#8220; type=&#8220;full_width&#8220; text_align=&#8220;left&#8220; css_animation=&#8220;&#8220;][vc_column_inner offset=&#8220;vc_hidden-sm vc_hidden-xs&#8220;][vc_empty_space height=&#8220;30px&#8220;][vc_column_text css=&#8220;.vc_custom_1592901889004{padding-right: 3% !important;padding-bottom: 3% !important;}&#8220;]<\/p>\n<p style=\"font-size: 12px; text-align: left;\">Noch kein\u00a0<strong style=\"color: #c4a747;\">velvet space<\/strong> Account? Registriere dich jetzt hier um dein Pass online zu kaufen<em>: <\/em><strong><a href=\"https:\/\/velvetspace.spaces.nexudus.com\/en\/signup\" target=\"_blank\" rel=\"noopener noreferrer\">Zur Registrierung<\/a>.\u00a0<\/strong><\/p>\n<p>[\/vc_column_text][vc_empty_space height=&#8220;50px&#8220;][\/vc_column_inner][\/vc_row_inner][vc_column_text]<\/p>\n<h2>H\u00e4ufig gestellte Fragen<\/h2>\n<p>[\/vc_column_text][vc_empty_space height=&#8220;30px&#8220;][vc_column_text]<\/p>\n<h5><strong>1. IST KAFFEE IM PREIS INBEGRIFFEN?<\/strong><\/h5>\n<p>[\/vc_column_text][vc_separator css_animation=&#8220;slideInLeft&#8220; type=&#8220;small&#8220; position=&#8220;left&#8220; color=&#8220;#c4a747&#8243; transparency=&#8220;8&#8243; thickness=&#8220;1&#8243; width=&#8220;70px&#8220;][vc_column_text]<\/p>\n<p class=\"p1\"><strong>K<\/strong>affee in Barista-Qualit\u00e4t, eine Auswahl an Teesorten sowie stilles und Sprudelwasser sind immer inklusive, auch wenn du auf einen kostenlosen Probetag vorbeischaust.<\/p>\n<p>[\/vc_column_text][vc_empty_space height=&#8220;30px&#8220;][vc_column_text]<\/p>\n<h5><strong>2. WAS MACHE ICH WENN ICH TELEFONIEREN MUSS?<\/strong><\/h5>\n<p>[\/vc_column_text][vc_separator css_animation=&#8220;slideInLeft&#8220; type=&#8220;small&#8220; position=&#8220;left&#8220; color=&#8220;#c4a747&#8243; transparency=&#8220;8&#8243; thickness=&#8220;1&#8243; width=&#8220;70px&#8220;][vc_column_text]<\/p>\n<p class=\"p1\"><strong>G<\/strong>enerell ist es kein Problem, im Open Space in normaler Lautst\u00e4rke zu telefonieren. Wenn du aber Privatsph\u00e4re brauchst oder das Gef\u00fchl hast, jemanden zu st\u00f6ren, kannst du entweder kurz unseren Besprechungsraum oder unsere Telefonzelle im ersten Stock nutzen.<\/p>\n<p>[\/vc_column_text][vc_empty_space height=&#8220;30px&#8220;][vc_column_text]<\/p>\n<h5><strong>3. DARF ICH IM VELVET SPACE ZU MITTAG ESSEN?<\/strong><\/h5>\n<p>[\/vc_column_text][vc_separator css_animation=&#8220;slideInLeft&#8220; type=&#8220;small&#8220; position=&#8220;left&#8220; color=&#8220;#c4a747&#8243; transparency=&#8220;8&#8243; thickness=&#8220;1&#8243; width=&#8220;70px&#8220;][vc_column_text]<\/p>\n<p class=\"p1\"><strong>S<\/strong>ehr gerne, wir haben sowohl drinnen wir drau\u00dfe einen Essensbereiche und eine Mikrowelle, damit du dein Essen aufw\u00e4rmen kannst. Au\u00dferdem gibt es eine riesen Auswahl an Restaurants und Caf\u00e9s in der N\u00e4he.<\/p>\n<p>[\/vc_column_text][vc_empty_space height=&#8220;30px&#8220;][vc_column_text]Hast du noch Fragen?<a href=\"https:\/\/velvet-space.com\/de\/kontakt\/\"> Schreib uns gerne eine Nachricht.<\/a>[\/vc_column_text][vc_empty_space height=&#8220;30px&#8220;]<a  itemprop=\"url\" href=\"https:\/\/velvet-space.com\/de\/kontakt\/\" target=\"_blank\"  class=\"qbutton  default\" style=\"\">KONTAKTIEREN<\/a>[vc_empty_space height=&#8220;30px&#8220;][\/vc_column][\/vc_row][vc_row css_animation=&#8220;&#8220; row_type=&#8220;row&#8220; use_row_as_full_screen_section=&#8220;no&#8220; type=&#8220;full_width&#8220; angled_section=&#8220;no&#8220; text_align=&#8220;left&#8220; background_image_as_pattern=&#8220;without_pattern&#8220; z_index=&#8220;&#8220;][vc_column css_animation=&#8220;fadeInUpBig&#8220; offset=&#8220;vc_hidden-lg vc_hidden-md&#8220;][vc_single_image image=&#8220;18555&#8243; img_size=&#8220;full&#8220; alignment=&#8220;center&#8220; qode_css_animation=&#8220;&#8220; qode_hover_animation=&#8220;zoom_in&#8220;][vc_empty_space height=&#8220;40px&#8220;][vc_column_text]<\/p>\n<p style=\"text-align: center; color: #c4a747; font-size: 17px; font-weight: 400;\">&#8222;CATCHING A GLIMPSE&#8220;<\/p>\n<p>[\/vc_column_text][vc_empty_space height=&#8220;20px&#8220;][vc_column_text]<\/p>\n<h1 style=\"text-align: center;\">TAGESKARTE KAUFEN<\/h1>\n<p>[\/vc_column_text][vc_empty_space height=&#8220;20px&#8220;][vc_column_text]<\/p>\n<h2 style=\"text-align: center;\"><strong><span style=\"color: #c4a747;\">\u20ac<\/span> 29 <span style=\"color: #c4a747;\">|<\/span> Tag<\/strong><\/h2>\n<h2 style=\"text-align: center;\"><strong><span style=\"color: #c4a747;\">\u00a0 \u00a0 \u00a0\u20ac<\/span> <\/strong><strong>260 <span style=\"color: #c4a747;\">|<\/span> 10 Tage<\/strong><\/h2>\n<p>[\/vc_column_text][vc_empty_space height=&#8220;5px&#8220;][vc_column_text]<\/p>\n<p style=\"font-family: Capita-RegularItalic; color: #6e9077; text-align: center;\">Preis exkl. 19% USt<\/p>\n<p>[\/vc_column_text][vc_empty_space height=&#8220;10px&#8220;][\/vc_column][\/vc_row][vc_row css_animation=&#8220;element_from_fade&#8220; row_type=&#8220;row&#8220; use_row_as_full_screen_section=&#8220;no&#8220; type=&#8220;full_width&#8220; angled_section=&#8220;no&#8220; text_align=&#8220;left&#8220; background_image_as_pattern=&#8220;without_pattern&#8220; css=&#8220;.vc_custom_1557401123242{margin-top: 0px !important;border-top-width: 0px !important;padding-top: 0px !important;}&#8220; z_index=&#8220;&#8220;][vc_column css_animation=&#8220;none&#8220; width=&#8220;1\/4&#8243; css=&#8220;.vc_custom_1557148488038{margin-top: 0px !important;border-top-width: 0px !important;padding-top: 0px !important;padding-right: 5% !important;padding-bottom: 0px !important;padding-left: 5% !important;}&#8220; offset=&#8220;vc_hidden-lg vc_hidden-md&#8220;][\/vc_column][vc_column width=&#8220;3\/4&#8243; offset=&#8220;vc_hidden-lg vc_hidden-md&#8220; css=&#8220;.vc_custom_1557401050992{padding-right: 5% !important;padding-left: 5% !important;}&#8220;][vc_empty_space height=&#8220;20px&#8220;][vc_column_text]<\/p>\n<p style=\"font-weight: 300; font-size: 16px;\">Coworking M\u00fcnchen Tageskarte: Buche dir eine Tageskarte und verbringe einen Tag bei uns im Coworking Space um dir einen Eindruck von unseren R\u00e4umlichkeiten zu verschaffen. Das ist alles im Preis enthalten:<\/p>\n<p>[\/vc_column_text][vc_empty_space height=&#8220;20px&#8220;][vc_column_text]<\/p>\n<ul style=\"font-family: Capita-RegularItalic; color: #6e9077;\">\n<li>Platz im Open Space<\/li>\n<li><span class=\"s1\">Wasser, Kaffee und Tee Flat-Rate <\/span><\/li>\n<li>Drucken, Scannen und Kopieren inklusive (faire use Basis)<\/li>\n<li>R\u00fcckerstattung der Tageskarte bei Abschluss einer Mitgliedschaft<\/li>\n<li>Montag &#8211; Freitag, 9 Uhr bis 18 Uhr<\/li>\n<li>G\u00fcltigkeit: Ein Jahr ab Kaufdatum<\/li>\n<\/ul>\n<p>[\/vc_column_text][vc_empty_space height=&#8220;30px&#8220;]<a  itemprop=\"url\" href=\"https:\/\/spaces.nexudus.com\/Login?bid=1311accc-5ffe-4610-a49c-5a8a32c6d57b\" target=\"_blank\"  class=\"qbutton  default\" style=\"\">TAGESKARTE KAUFEN<\/a>[\/vc_column][\/vc_row][vc_row css_animation=&#8220;&#8220; row_type=&#8220;row&#8220; use_row_as_full_screen_section=&#8220;no&#8220; type=&#8220;full_width&#8220; angled_section=&#8220;no&#8220; text_align=&#8220;left&#8220; background_image_as_pattern=&#8220;without_pattern&#8220; css=&#8220;.vc_custom_1557146759570{margin-top: 0px !important;border-top-width: 0px !important;padding-top: 0px !important;}&#8220; z_index=&#8220;&#8220;][vc_column css_animation=&#8220;none&#8220; css=&#8220;.vc_custom_1557401063095{margin-top: 0px !important;border-top-width: 0px !important;padding-top: 0px !important;padding-right: 5% !important;padding-bottom: 0px !important;padding-left: 5% !important;}&#8220; offset=&#8220;vc_hidden-lg vc_hidden-md&#8220;][vc_empty_space height=&#8220;70px&#8220;][vc_column_text]<\/p>\n<h2>H\u00e4ufig gestellte Fragen<\/h2>\n<p>[\/vc_column_text][vc_empty_space height=&#8220;30px&#8220;][vc_column_text]<\/p>\n<h5><strong>1. IST KAFFEE IM PREIS INBEGRIFFEN?<\/strong><\/h5>\n<p>[\/vc_column_text][vc_separator css_animation=&#8220;slideInLeft&#8220; type=&#8220;small&#8220; position=&#8220;left&#8220; color=&#8220;#c4a747&#8243; transparency=&#8220;8&#8243; thickness=&#8220;1&#8243; width=&#8220;70px&#8220;][vc_column_text]<\/p>\n<p class=\"p1\"><strong>K<\/strong>affee in Barista-Qualit\u00e4t, eine Auswahl an Teesorten sowie stilles und Sprudelwasser sind immer inklusive, auch wenn du auf einen kostenlosen Probetag vorbeischaust.<\/p>\n<p>[\/vc_column_text][vc_empty_space height=&#8220;30px&#8220;][vc_column_text]<\/p>\n<h5><strong>2. WAS MACHE ICH WENN ICH TELEFONIEREN MUSS?<\/strong><\/h5>\n<p>[\/vc_column_text][vc_separator css_animation=&#8220;slideInLeft&#8220; type=&#8220;small&#8220; position=&#8220;left&#8220; color=&#8220;#c4a747&#8243; transparency=&#8220;8&#8243; thickness=&#8220;1&#8243; width=&#8220;70px&#8220;][vc_column_text]<\/p>\n<p class=\"p1\"><strong>G<\/strong>enerell ist es kein Problem, im Open Space in normaler Lautst\u00e4rke zu telefonieren. Wenn du aber Privatsph\u00e4re brauchst oder das Gef\u00fchl hast, jemanden zu st\u00f6ren, kannst du entweder kurz unseren Besprechungsraum oder unsere Telefonzelle im ersten Stock nutzen.<\/p>\n<p>[\/vc_column_text][vc_empty_space height=&#8220;30px&#8220;][vc_column_text]<\/p>\n<h5><strong>3. DARF ICH IM VELVET SPACE ZU MITTAG ESSEN?<\/strong><\/h5>\n<p>[\/vc_column_text][vc_separator css_animation=&#8220;slideInLeft&#8220; type=&#8220;small&#8220; position=&#8220;left&#8220; color=&#8220;#c4a747&#8243; transparency=&#8220;8&#8243; thickness=&#8220;1&#8243; width=&#8220;70px&#8220;][vc_column_text]<\/p>\n<p class=\"p1\"><strong>S<\/strong>ehr gerne, wir haben sowohl drinnen wir drau\u00dfe einen Essensbereiche und eine Mikrowelle, damit du dein Essen aufw\u00e4rmen kannst. Au\u00dferdem gibt es eine riesen Auswahl an Restaurants und Caf\u00e9s in der N\u00e4he.<\/p>\n<p>[\/vc_column_text][vc_empty_space height=&#8220;30px&#8220;][vc_column_text]<\/p>\n<div class=\"wpb_text_column wpb_content_element \">\n<div class=\"wpb_wrapper\">\n<p>Hast du noch Fragen?<a href=\"https:\/\/velvet-space.com\/de\/kontakt\/\"> Schreib uns gerne eine Nachricht.<\/a><\/p>\n<\/div>\n<\/div>\n<div class=\"vc_empty_space\"><\/div>\n<p>[\/vc_column_text][vc_empty_space height=&#8220;30px&#8220;]<a  itemprop=\"url\" href=\"https:\/\/velvet-space.com\/de\/kontakt\/\" target=\"_blank\"  class=\"qbutton  default\" style=\"\">KONTAKTIEREN<\/a>[vc_empty_space height=&#8220;40px&#8220;][\/vc_column][\/vc_row][vc_row css_animation=&#8220;&#8220; row_type=&#8220;row&#8220; use_row_as_full_screen_section=&#8220;no&#8220; type=&#8220;full_width&#8220; angled_section=&#8220;no&#8220; text_align=&#8220;left&#8220; background_image_as_pattern=&#8220;without_pattern&#8220; css=&#8220;.vc_custom_1557146759570{margin-top: 0px !important;border-top-width: 0px !important;padding-top: 0px !important;}&#8220; z_index=&#8220;&#8220;][vc_column css_animation=&#8220;none&#8220; css=&#8220;.vc_custom_1617017792732{border-top-width: 2px !important;background-color: #6e9077 !important;border-top-color: #c4a747 !important;border-top-style: solid !important;border-radius: 1px !important;}&#8220; offset=&#8220;vc_hidden-xs&#8220;][\/vc_column][\/vc_row]<\/p>\n","protected":false},"excerpt":{"rendered":"<p>[vc_row css_animation=&#8220;&#8220; row_type=&#8220;row&#8220; use_row_as_full_screen_section=&#8220;no&#8220; type=&#8220;full_width&#8220; angled_section=&#8220;no&#8220; text_align=&#8220;left&#8220; background_image_as_pattern=&#8220;without_pattern&#8220; z_index=&#8220;&#8220;][vc_column css_animation=&#8220;fadeInUpBig&#8220; width=&#8220;1\/2&#8243; offset=&#8220;vc_hidden-sm vc_hidden-xs&#8220; css=&#8220;.vc_custom_1559057584078{padding-top: 0px !important;padding-bottom: 0px !important;}&#8220;][\/vc_column][vc_column css_animation=&#8220;fadeInDownBig&#8220; width=&#8220;1\/2&#8243; css=&#8220;.vc_custom_1559035180592{padding-right: 50px !important;padding-left: 50px !important;background-color: #fff8f0 !important;background-position: center !important;background-repeat: no-repeat !important;background-size: cover !important;}&#8220; offset=&#8220;vc_hidden-sm vc_hidden-xs&#8220;][vc_empty_space height=&#8220;30px&#8220;][vc_column_text] &#8222;CATCHING A GLIMPSE&#8220; [\/vc_column_text][vc_empty_space height=&#8220;30px&#8220;][vc_column_text] TAGESKARTE KAUFEN [\/vc_column_text][vc_empty_space height=&#8220;30px&#8220;][vc_column_text]&#8230;<\/p>\n","protected":false},"author":1,"featured_media":0,"parent":0,"menu_order":0,"comment_status":"closed","ping_status":"closed","template":"full_width.php","meta":[],"yoast_head":"<!-- This site is optimized with the Yoast SEO plugin v19.4 - https:\/\/yoast.com\/wordpress\/plugins\/seo\/ -->\n<title>COWORKING M\u00dcNCHEN TAGESKARTE - velvet space coworking<\/title>\n<meta name=\"description\" content=\"Coworking M\u00fcnchen Tageskarte: Buche dir eine Tageskarte und verbringe einen Tag bei uns im Coworking Space um dir einen Eindruck von unseren R\u00e4umlichkeiten zu verschaffen.\" \/>\n<meta name=\"robots\" content=\"index, follow, max-snippet:-1, max-image-preview:large, max-video-preview:-1\" \/>\n<link rel=\"canonical\" href=\"https:\/\/velvet-space.com\/de\/coworking-muenchen-tageskarte\/\" \/>\n<meta property=\"og:locale\" content=\"de_DE\" \/>\n<meta property=\"og:type\" content=\"article\" \/>\n<meta property=\"og:title\" content=\"COWORKING M\u00dcNCHEN TAGESKARTE - velvet space coworking\" \/>\n<meta property=\"og:description\" content=\"Coworking M\u00fcnchen Tageskarte: Buche dir eine Tageskarte und verbringe einen Tag bei uns im Coworking Space um dir einen Eindruck von unseren R\u00e4umlichkeiten zu verschaffen.\" \/>\n<meta property=\"og:url\" content=\"https:\/\/velvet-space.com\/de\/coworking-muenchen-tageskarte\/\" \/>\n<meta property=\"og:site_name\" content=\"velvet space coworking\" \/>\n<meta property=\"article:publisher\" content=\"https:\/\/www.facebook.com\/velvetspacecoworking\/\" \/>\n<meta property=\"article:modified_time\" content=\"2025-11-06T09:01:36+00:00\" \/>\n<meta name=\"twitter:card\" content=\"summary_large_image\" \/>\n<meta name=\"twitter:label1\" content=\"Gesch\u00e4tzte Lesezeit\" \/>\n\t<meta name=\"twitter:data1\" content=\"4\u00a0Minuten\" \/>\n<script type=\"application\/ld+json\" class=\"yoast-schema-graph\">{\"@context\":\"https:\/\/schema.org\",\"@graph\":[{\"@type\":\"WebSite\",\"@id\":\"https:\/\/velvet-space.com\/de\/#website\",\"url\":\"https:\/\/velvet-space.com\/de\/\",\"name\":\"v e l v e t s p a c e\",\"description\":\"coworking in the heart of munich\",\"potentialAction\":[{\"@type\":\"SearchAction\",\"target\":{\"@type\":\"EntryPoint\",\"urlTemplate\":\"https:\/\/velvet-space.com\/de\/?s={search_term_string}\"},\"query-input\":\"required name=search_term_string\"}],\"inLanguage\":\"de\"},{\"@type\":\"WebPage\",\"@id\":\"https:\/\/velvet-space.com\/de\/coworking-muenchen-tageskarte\/\",\"url\":\"https:\/\/velvet-space.com\/de\/coworking-muenchen-tageskarte\/\",\"name\":\"COWORKING M\u00dcNCHEN TAGESKARTE - velvet space coworking\",\"isPartOf\":{\"@id\":\"https:\/\/velvet-space.com\/de\/#website\"},\"datePublished\":\"2020-12-07T17:46:23+00:00\",\"dateModified\":\"2025-11-06T09:01:36+00:00\",\"description\":\"Coworking M\u00fcnchen Tageskarte: Buche dir eine Tageskarte und verbringe einen Tag bei uns im Coworking Space um dir einen Eindruck von unseren R\u00e4umlichkeiten zu verschaffen.\",\"breadcrumb\":{\"@id\":\"https:\/\/velvet-space.com\/de\/coworking-muenchen-tageskarte\/#breadcrumb\"},\"inLanguage\":\"de\",\"potentialAction\":[{\"@type\":\"ReadAction\",\"target\":[\"https:\/\/velvet-space.com\/de\/coworking-muenchen-tageskarte\/\"]}]},{\"@type\":\"BreadcrumbList\",\"@id\":\"https:\/\/velvet-space.com\/de\/coworking-muenchen-tageskarte\/#breadcrumb\",\"itemListElement\":[{\"@type\":\"ListItem\",\"position\":1,\"name\":\"Home\",\"item\":\"https:\/\/velvet-space.com\/de\/\"},{\"@type\":\"ListItem\",\"position\":2,\"name\":\"COWORKING M\u00dcNCHEN TAGESKARTE\"}]}]}<\/script>\n<!-- \/ Yoast SEO plugin. -->","yoast_head_json":{"title":"COWORKING M\u00dcNCHEN TAGESKARTE - velvet space coworking","description":"Coworking M\u00fcnchen Tageskarte: Buche dir eine Tageskarte und verbringe einen Tag bei uns im Coworking Space um dir einen Eindruck von unseren R\u00e4umlichkeiten zu verschaffen.","robots":{"index":"index","follow":"follow","max-snippet":"max-snippet:-1","max-image-preview":"max-image-preview:large","max-video-preview":"max-video-preview:-1"},"canonical":"https:\/\/velvet-space.com\/de\/coworking-muenchen-tageskarte\/","og_locale":"de_DE","og_type":"article","og_title":"COWORKING M\u00dcNCHEN TAGESKARTE - velvet space coworking","og_description":"Coworking M\u00fcnchen Tageskarte: Buche dir eine Tageskarte und verbringe einen Tag bei uns im Coworking Space um dir einen Eindruck von unseren R\u00e4umlichkeiten zu verschaffen.","og_url":"https:\/\/velvet-space.com\/de\/coworking-muenchen-tageskarte\/","og_site_name":"velvet space coworking","article_publisher":"https:\/\/www.facebook.com\/velvetspacecoworking\/","article_modified_time":"2025-11-06T09:01:36+00:00","twitter_card":"summary_large_image","twitter_misc":{"Gesch\u00e4tzte Lesezeit":"4\u00a0Minuten"},"schema":{"@context":"https:\/\/schema.org","@graph":[{"@type":"WebSite","@id":"https:\/\/velvet-space.com\/de\/#website","url":"https:\/\/velvet-space.com\/de\/","name":"v e l v e t s p a c e","description":"coworking in the heart of munich","potentialAction":[{"@type":"SearchAction","target":{"@type":"EntryPoint","urlTemplate":"https:\/\/velvet-space.com\/de\/?s={search_term_string}"},"query-input":"required name=search_term_string"}],"inLanguage":"de"},{"@type":"WebPage","@id":"https:\/\/velvet-space.com\/de\/coworking-muenchen-tageskarte\/","url":"https:\/\/velvet-space.com\/de\/coworking-muenchen-tageskarte\/","name":"COWORKING M\u00dcNCHEN TAGESKARTE - velvet space coworking","isPartOf":{"@id":"https:\/\/velvet-space.com\/de\/#website"},"datePublished":"2020-12-07T17:46:23+00:00","dateModified":"2025-11-06T09:01:36+00:00","description":"Coworking M\u00fcnchen Tageskarte: Buche dir eine Tageskarte und verbringe einen Tag bei uns im Coworking Space um dir einen Eindruck von unseren R\u00e4umlichkeiten zu verschaffen.","breadcrumb":{"@id":"https:\/\/velvet-space.com\/de\/coworking-muenchen-tageskarte\/#breadcrumb"},"inLanguage":"de","potentialAction":[{"@type":"ReadAction","target":["https:\/\/velvet-space.com\/de\/coworking-muenchen-tageskarte\/"]}]},{"@type":"BreadcrumbList","@id":"https:\/\/velvet-space.com\/de\/coworking-muenchen-tageskarte\/#breadcrumb","itemListElement":[{"@type":"ListItem","position":1,"name":"Home","item":"https:\/\/velvet-space.com\/de\/"},{"@type":"ListItem","position":2,"name":"COWORKING M\u00dcNCHEN TAGESKARTE"}]}]}},"_links":{"self":[{"href":"https:\/\/velvet-space.com\/de\/wp-json\/wp\/v2\/pages\/18419"}],"collection":[{"href":"https:\/\/velvet-space.com\/de\/wp-json\/wp\/v2\/pages"}],"about":[{"href":"https:\/\/velvet-space.com\/de\/wp-json\/wp\/v2\/types\/page"}],"author":[{"embeddable":true,"href":"https:\/\/velvet-space.com\/de\/wp-json\/wp\/v2\/users\/1"}],"replies":[{"embeddable":true,"href":"https:\/\/velvet-space.com\/de\/wp-json\/wp\/v2\/comments?post=18419"}],"version-history":[{"count":77,"href":"https:\/\/velvet-space.com\/de\/wp-json\/wp\/v2\/pages\/18419\/revisions"}],"predecessor-version":[{"id":20740,"href":"https:\/\/velvet-space.com\/de\/wp-json\/wp\/v2\/pages\/18419\/revisions\/20740"}],"wp:attachment":[{"href":"https:\/\/velvet-space.com\/de\/wp-json\/wp\/v2\/media?parent=18419"}],"curies":[{"name":"wp","href":"https:\/\/api.w.org\/{rel}","templated":true}]}}